{"id":1449,"date":"2023-10-25T12:40:15","date_gmt":"2023-10-25T12:40:15","guid":{"rendered":"https:\/\/www.resortanticoverbano.com\/regolamento\/"},"modified":"2025-07-14T08:55:19","modified_gmt":"2025-07-14T08:55:19","slug":"reglement","status":"publish","type":"page","link":"https:\/\/www.resortanticoverbano.com\/fr\/reglement\/","title":{"rendered":"R\u00e8glement"},"content":{"rendered":"<p><strong>\u00c9QUIPEMENT<\/strong>\u00a0: \u00e0 l\u2019int\u00e9rieur de chaque appartement, il y a un inventaire descriptif de l\u2019\u00e9quipement, y compris une liste avec des photos des objets de valeur. Le client est tenu de v\u00e9rifier l\u2019\u00e9tat et l\u2019\u00e9quipement de l\u2019appartement et s\u2019il constate un dommage ou un manque, il devra en informer imm\u00e9diatement la r\u00e9ception dans les 2\u00a0heures suivant l\u2019enregistrement. Tout dommage caus\u00e9 pendant le s\u00e9jour doit \u00eatre imm\u00e9diatement signal\u00e9. <strong>L\u2019appartement sera v\u00e9rifi\u00e9 r\u00e9guli\u00e8rement par le personnel pendant le s\u00e9jour et au moment du d\u00e9part. <\/strong><\/p>\n<p>&nbsp;<\/p>\n<p><strong>INTERDICTIONS ET SANCTIONS<\/strong>\u00a0: le logement doit \u00eatre restitu\u00e9 dans l\u2019ordre, avec une attention particuli\u00e8re \u00e0 la diff\u00e9renciation des d\u00e9chets. <strong>Il sera de la responsabilit\u00e9 du client de placer correctement tous les d\u00e9chets dans les conteneurs fournis.<\/strong> Il est interdit de transf\u00e9rer le mobilier d\u2019ext\u00e9rieur \u00e0 l\u2019int\u00e9rieur et de d\u00e9placer le mobilier \u00e0 l\u2019int\u00e9rieur des logements et entre eux. Num\u00e9ro pour les urgences techniques h24 T\u00e9l. <a href=\"tel:+39\u00a03711542385\">+39\u00a03711542385<\/a>. P\u00e9nalit\u00e9 forfaitaire de 50,00\u00a0\u20ac.<\/p>\n<p>&nbsp;<\/p>\n<p><strong>CAUTION<\/strong>\u00a0: par unit\u00e9 de logement r\u00e9serv\u00e9e, un d\u00e9p\u00f4t de garantie de 200\u00a0euros est requis, bloqu\u00e9 sur la carte de cr\u00e9dit du client, \u00e0 titre de garantie pour le tri des d\u00e9chets effectu\u00e9 de mani\u00e8re incorrecte, d\u2019\u00e9ventuels dommages et\/ou vols mineurs. En cas de dommages et\/ou de vol d\u2019une valeur sup\u00e9rieure \u00e0 200\u00a0euros, le personnel du complexe Antico Verbano proc\u00e8de au d\u00e9bit de la carte de cr\u00e9dit du client, sur contestation motiv\u00e9e, d\u2019un montant \u00e9gal \u00e0 la valeur estim\u00e9e des dommages et\/ou du vol. \u00c0 la fin du s\u00e9jour, le d\u00e9p\u00f4t de garantie sera d\u00e9livr\u00e9 par le personnel apr\u00e8s le contr\u00f4le g\u00e9n\u00e9ral de l\u2019\u00e9tat de l\u2019appartement.<\/p>\n<p>&nbsp;<\/p>\n<p><strong>ANIMAUX<\/strong> (chiens et chats)\u00a0: les animaux ne peuvent pas \u00eatre laiss\u00e9s seuls dans les appartements en l\u2019absence de personnes aptes \u00e0 les garder,<em><strong> et ne sont pas autoris\u00e9s dans la zone piscine-solarium.<\/strong><\/em><\/p>\n<p>&nbsp;<\/p>\n<p><strong>\u00c9TABLISSEMENT<\/strong>\u00a0: l\u2019\u00e9tablissement n\u2019est pas responsable des vols ou des dommages pendant le s\u00e9jour. En cas de suspension des fournitures d\u2019\u00e9lectricit\u00e9-gaz-eau en raison de l\u2019organisme de distribution ou en raison de la municipalit\u00e9, ou bien pour d\u2019autres raisons de force majeure, la soci\u00e9t\u00e9 d\u00e9cline toute responsabilit\u00e9 et n\u2019est tenue \u00e0 aucun remboursement.<\/p>\n<p>&nbsp;<\/p>\n<p><strong>COMPORTEMENTS<\/strong>\u00a0: un comportement qui perturbe le calme et la s\u00e9curit\u00e9 des clients entra\u00eenera l\u2019\u00e9loignement du client. Le client est formellement oblig\u00e9 de d\u00e9clarer la pr\u00e9sence de tous les invit\u00e9s occupant l\u2019appartement et de leur faire respecter le pr\u00e9sent r\u00e8glement.<\/p>\n<p>&nbsp;<\/p>\n<p><strong>ZONE DU LAC et PISCINE-SOLARIUM<\/strong>\u00a0: dans la zone du lac, des panneaux indiquant toutes les conditions du r\u00e8glement d\u2019utilisation des piscines sont plac\u00e9s. Les mineurs pr\u00e9sents dans les zones susmentionn\u00e9es ne doivent jamais \u00eatre abandonn\u00e9s ou non surveill\u00e9s. La propri\u00e9t\u00e9 d\u00e9cline toute responsabilit\u00e9. La baignade est interdite en l\u2019absence de l\u2019assistant nageur. L\u2019utilisation de la zone du lac est exclusivement \u00e0 vos risques et p\u00e9rils, et sous votre enti\u00e8re responsabilit\u00e9 car elle ne fournit aucun service d\u2019assistance ni de sauvetage. L\u2019utilisation des piscines est autoris\u00e9e uniquement aux clients du complexe \u00ab\u00a0ANTICO VERBANO\u00a0\u00bb. Pour des raisons d\u2019hygi\u00e8ne, il est obligatoire de toujours prendre une douche avant d\u2019entrer dans l\u2019eau et de rincer les pieds dans la baignoire hygi\u00e9nis\u00e9e appropri\u00e9e. Il est interdit d\u2019utiliser les serviettes fournies dans les appartements. Pour des raisons \u00e9videntes de s\u00e9curit\u00e9, il est interdit de courir au bord de la piscine, de pousser les autres baigneurs dans l\u2019eau ou de plonger. Nous vous rappelons que la profondeur maximale de la piscine est de 140\u00a0cm. Dans tous les cas, les clients sont tenus de respecter toutes les dispositions l\u00e9gales en vigueur, m\u00eame si elles ne sont pas mentionn\u00e9es ici, et d\u2019adopter un comportement prudent, attentif et de bon sens, typique du bon p\u00e8re de famille.<\/p>\n<p>&nbsp;<\/p>\n<p><em><strong>\u00c9quipement de l&rsquo;espace solarium<\/strong> <\/em>: chaque appartement est<em><strong> \u00e9quip\u00e9 d&rsquo;un parasol et de deux chaises longues, quel que soit le nombre de personnes qui l&rsquo;occupent.<\/strong><\/em><\/p>\n<p>Des chaises longues ou des chaises suppl\u00e9mentaires seront fournies en fonction de la disponibilit\u00e9.<\/p>\n","protected":false},"excerpt":{"rendered":"<p>\u00c9QUIPEMENT\u00a0: \u00e0 l\u2019int\u00e9rieur de chaque appartement, il y a un inventaire descriptif de l\u2019\u00e9quipement, y compris une liste avec des photos des objets de valeur. Le client est tenu de v\u00e9rifier l\u2019\u00e9tat et l\u2019\u00e9quipement de l\u2019appartement et s\u2019il constate un dommage ou un manque, il devra en informer imm\u00e9diatement la r\u00e9ception dans les 2\u00a0heures suivant [&hellip;]<\/p>\n","protected":false},"author":12,"featured_media":0,"parent":0,"menu_order":500,"comment_status":"closed","ping_status":"closed","template":"template-default-2.php","meta":{"footnotes":""},"yoast_head":"<!-- This site is optimized with the Yoast SEO plugin v22.3 - https:\/\/yoast.com\/wordpress\/plugins\/seo\/ -->\n<title>R\u00e8glement - Resort Antico Verbano<\/title>\n<meta name=\"description\" content=\"\u00c9QUIPEMENT\u00a0: \u00e0 l\u2019int\u00e9rieur de chaque appartement, il y a un inventaire descriptif de l\u2019\u00e9quipement, y compris une liste avec des photos des objets de valeur. Le client est tenu de v\u00e9rifier l\u2019\u00e9tat et l\u2019\u00e9quipement de l\u2019appartement et s\u2019il constate un dommage ou un manque, il devra en informer imm\u00e9diatement la r\u00e9ception dans les 2\u00a0heures suivant l\u2019enregistrement\" \/>\n<meta name=\"robots\" content=\"index, follow, max-snippet:-1, max-image-preview:large, max-video-preview:-1\" \/>\n<link rel=\"canonical\" href=\"https:\/\/www.resortanticoverbano.com\/fr\/reglement\/\" \/>\n<meta property=\"og:locale\" content=\"fr_FR\" \/>\n<meta property=\"og:type\" content=\"article\" \/>\n<meta property=\"og:title\" content=\"R\u00e8glement - Resort Antico Verbano\" \/>\n<meta property=\"og:description\" content=\"\u00c9QUIPEMENT\u00a0: \u00e0 l\u2019int\u00e9rieur de chaque appartement, il y a un inventaire descriptif de l\u2019\u00e9quipement, y compris une liste avec des photos des objets de valeur. Le client est tenu de v\u00e9rifier l\u2019\u00e9tat et l\u2019\u00e9quipement de l\u2019appartement et s\u2019il constate un dommage ou un manque, il devra en informer imm\u00e9diatement la r\u00e9ception dans les 2\u00a0heures suivant l\u2019enregistrement\" \/>\n<meta property=\"og:url\" content=\"https:\/\/www.resortanticoverbano.com\/fr\/reglement\/\" \/>\n<meta property=\"og:site_name\" content=\"Resort Antico Verbano\" \/>\n<meta property=\"article:modified_time\" content=\"2025-07-14T08:55:19+00:00\" \/>\n<meta name=\"twitter:card\" content=\"summary_large_image\" \/>\n<meta name=\"twitter:label1\" content=\"Dur\u00e9e de lecture estim\u00e9e\" \/>\n\t<meta name=\"twitter:data1\" content=\"4 minutes\" \/>\n<script type=\"application\/ld+json\" class=\"yoast-schema-graph\">{\"@context\":\"https:\/\/schema.org\",\"@graph\":[{\"@type\":\"WebPage\",\"@id\":\"https:\/\/www.resortanticoverbano.com\/fr\/reglement\/\",\"url\":\"https:\/\/www.resortanticoverbano.com\/fr\/reglement\/\",\"name\":\"R\u00e8glement - Resort Antico Verbano\",\"isPartOf\":{\"@id\":\"https:\/\/www.resortanticoverbano.com\/fr\/#website\"},\"datePublished\":\"2023-10-25T12:40:15+00:00\",\"dateModified\":\"2025-07-14T08:55:19+00:00\",\"description\":\"\u00c9QUIPEMENT\u00a0: \u00e0 l\u2019int\u00e9rieur de chaque appartement, il y a un inventaire descriptif de l\u2019\u00e9quipement, y compris une liste avec des photos des objets de valeur. Le client est tenu de v\u00e9rifier l\u2019\u00e9tat et l\u2019\u00e9quipement de l\u2019appartement et s\u2019il constate un dommage ou un manque, il devra en informer imm\u00e9diatement la r\u00e9ception dans les 2\u00a0heures suivant l\u2019enregistrement\",\"breadcrumb\":{\"@id\":\"https:\/\/www.resortanticoverbano.com\/fr\/reglement\/#breadcrumb\"},\"inLanguage\":\"fr-FR\",\"potentialAction\":[{\"@type\":\"ReadAction\",\"target\":[\"https:\/\/www.resortanticoverbano.com\/fr\/reglement\/\"]}]},{\"@type\":\"BreadcrumbList\",\"@id\":\"https:\/\/www.resortanticoverbano.com\/fr\/reglement\/#breadcrumb\",\"itemListElement\":[{\"@type\":\"ListItem\",\"position\":1,\"name\":\"Home\",\"item\":\"https:\/\/www.resortanticoverbano.com\/fr\/\"},{\"@type\":\"ListItem\",\"position\":2,\"name\":\"R\u00e8glement\"}]},{\"@type\":\"WebSite\",\"@id\":\"https:\/\/www.resortanticoverbano.com\/fr\/#website\",\"url\":\"https:\/\/www.resortanticoverbano.com\/fr\/\",\"name\":\"Resort Antico Verbano\",\"description\":\"\",\"publisher\":{\"@id\":\"https:\/\/www.resortanticoverbano.com\/fr\/#organization\"},\"potentialAction\":[{\"@type\":\"SearchAction\",\"target\":{\"@type\":\"EntryPoint\",\"urlTemplate\":\"https:\/\/www.resortanticoverbano.com\/fr\/?s={search_term_string}\"},\"query-input\":\"required name=search_term_string\"}],\"inLanguage\":\"fr-FR\"},{\"@type\":\"Organization\",\"@id\":\"https:\/\/www.resortanticoverbano.com\/fr\/#organization\",\"name\":\"Resort Antico Verbano\",\"url\":\"https:\/\/www.resortanticoverbano.com\/fr\/\",\"logo\":{\"@type\":\"ImageObject\",\"inLanguage\":\"fr-FR\",\"@id\":\"https:\/\/www.resortanticoverbano.com\/fr\/#\/schema\/logo\/image\/\",\"url\":\"https:\/\/www.resortanticoverbano.com\/wp-content\/uploads\/sites\/66\/2023\/09\/Logo-Antico-Verbano-2023.png\",\"contentUrl\":\"https:\/\/www.resortanticoverbano.com\/wp-content\/uploads\/sites\/66\/2023\/09\/Logo-Antico-Verbano-2023.png\",\"width\":500,\"height\":132,\"caption\":\"Resort Antico Verbano\"},\"image\":{\"@id\":\"https:\/\/www.resortanticoverbano.com\/fr\/#\/schema\/logo\/image\/\"},\"sameAs\":[\"https:\/\/www.instagram.com\/h.residence_anticoverbano\/\"]}]}<\/script>\n<!-- \/ Yoast SEO plugin. -->","yoast_head_json":{"title":"R\u00e8glement - Resort Antico Verbano","description":"\u00c9QUIPEMENT\u00a0: \u00e0 l\u2019int\u00e9rieur de chaque appartement, il y a un inventaire descriptif de l\u2019\u00e9quipement, y compris une liste avec des photos des objets de valeur. Le client est tenu de v\u00e9rifier l\u2019\u00e9tat et l\u2019\u00e9quipement de l\u2019appartement et s\u2019il constate un dommage ou un manque, il devra en informer imm\u00e9diatement la r\u00e9ception dans les 2\u00a0heures suivant l\u2019enregistrement","robots":{"index":"index","follow":"follow","max-snippet":"max-snippet:-1","max-image-preview":"max-image-preview:large","max-video-preview":"max-video-preview:-1"},"canonical":"https:\/\/www.resortanticoverbano.com\/fr\/reglement\/","og_locale":"fr_FR","og_type":"article","og_title":"R\u00e8glement - Resort Antico Verbano","og_description":"\u00c9QUIPEMENT\u00a0: \u00e0 l\u2019int\u00e9rieur de chaque appartement, il y a un inventaire descriptif de l\u2019\u00e9quipement, y compris une liste avec des photos des objets de valeur. Le client est tenu de v\u00e9rifier l\u2019\u00e9tat et l\u2019\u00e9quipement de l\u2019appartement et s\u2019il constate un dommage ou un manque, il devra en informer imm\u00e9diatement la r\u00e9ception dans les 2\u00a0heures suivant l\u2019enregistrement","og_url":"https:\/\/www.resortanticoverbano.com\/fr\/reglement\/","og_site_name":"Resort Antico Verbano","article_modified_time":"2025-07-14T08:55:19+00:00","twitter_card":"summary_large_image","twitter_misc":{"Dur\u00e9e de lecture estim\u00e9e":"4 minutes"},"schema":{"@context":"https:\/\/schema.org","@graph":[{"@type":"WebPage","@id":"https:\/\/www.resortanticoverbano.com\/fr\/reglement\/","url":"https:\/\/www.resortanticoverbano.com\/fr\/reglement\/","name":"R\u00e8glement - Resort Antico Verbano","isPartOf":{"@id":"https:\/\/www.resortanticoverbano.com\/fr\/#website"},"datePublished":"2023-10-25T12:40:15+00:00","dateModified":"2025-07-14T08:55:19+00:00","description":"\u00c9QUIPEMENT\u00a0: \u00e0 l\u2019int\u00e9rieur de chaque appartement, il y a un inventaire descriptif de l\u2019\u00e9quipement, y compris une liste avec des photos des objets de valeur. Le client est tenu de v\u00e9rifier l\u2019\u00e9tat et l\u2019\u00e9quipement de l\u2019appartement et s\u2019il constate un dommage ou un manque, il devra en informer imm\u00e9diatement la r\u00e9ception dans les 2\u00a0heures suivant l\u2019enregistrement","breadcrumb":{"@id":"https:\/\/www.resortanticoverbano.com\/fr\/reglement\/#breadcrumb"},"inLanguage":"fr-FR","potentialAction":[{"@type":"ReadAction","target":["https:\/\/www.resortanticoverbano.com\/fr\/reglement\/"]}]},{"@type":"BreadcrumbList","@id":"https:\/\/www.resortanticoverbano.com\/fr\/reglement\/#breadcrumb","itemListElement":[{"@type":"ListItem","position":1,"name":"Home","item":"https:\/\/www.resortanticoverbano.com\/fr\/"},{"@type":"ListItem","position":2,"name":"R\u00e8glement"}]},{"@type":"WebSite","@id":"https:\/\/www.resortanticoverbano.com\/fr\/#website","url":"https:\/\/www.resortanticoverbano.com\/fr\/","name":"Resort Antico Verbano","description":"","publisher":{"@id":"https:\/\/www.resortanticoverbano.com\/fr\/#organization"},"potentialAction":[{"@type":"SearchAction","target":{"@type":"EntryPoint","urlTemplate":"https:\/\/www.resortanticoverbano.com\/fr\/?s={search_term_string}"},"query-input":"required name=search_term_string"}],"inLanguage":"fr-FR"},{"@type":"Organization","@id":"https:\/\/www.resortanticoverbano.com\/fr\/#organization","name":"Resort Antico Verbano","url":"https:\/\/www.resortanticoverbano.com\/fr\/","logo":{"@type":"ImageObject","inLanguage":"fr-FR","@id":"https:\/\/www.resortanticoverbano.com\/fr\/#\/schema\/logo\/image\/","url":"https:\/\/www.resortanticoverbano.com\/wp-content\/uploads\/sites\/66\/2023\/09\/Logo-Antico-Verbano-2023.png","contentUrl":"https:\/\/www.resortanticoverbano.com\/wp-content\/uploads\/sites\/66\/2023\/09\/Logo-Antico-Verbano-2023.png","width":500,"height":132,"caption":"Resort Antico Verbano"},"image":{"@id":"https:\/\/www.resortanticoverbano.com\/fr\/#\/schema\/logo\/image\/"},"sameAs":["https:\/\/www.instagram.com\/h.residence_anticoverbano\/"]}]}},"acf":[],"_links":{"self":[{"href":"https:\/\/www.resortanticoverbano.com\/fr\/wp-json\/wp\/v2\/pages\/1449"}],"collection":[{"href":"https:\/\/www.resortanticoverbano.com\/fr\/wp-json\/wp\/v2\/pages"}],"about":[{"href":"https:\/\/www.resortanticoverbano.com\/fr\/wp-json\/wp\/v2\/types\/page"}],"author":[{"embeddable":true,"href":"https:\/\/www.resortanticoverbano.com\/fr\/wp-json\/wp\/v2\/users\/12"}],"replies":[{"embeddable":true,"href":"https:\/\/www.resortanticoverbano.com\/fr\/wp-json\/wp\/v2\/comments?post=1449"}],"version-history":[{"count":0,"href":"https:\/\/www.resortanticoverbano.com\/fr\/wp-json\/wp\/v2\/pages\/1449\/revisions"}],"wp:attachment":[{"href":"https:\/\/www.resortanticoverbano.com\/fr\/wp-json\/wp\/v2\/media?parent=1449"}],"curies":[{"name":"wp","href":"https:\/\/api.w.org\/{rel}","templated":true}]}}