{"id":1455,"date":"2023-10-17T12:56:47","date_gmt":"2023-10-17T12:56:47","guid":{"rendered":"https:\/\/www.resortanticoverbano.com\/privacy-policy\/"},"modified":"2024-01-18T15:22:27","modified_gmt":"2024-01-18T15:22:27","slug":"privacy-policy","status":"publish","type":"page","link":"https:\/\/www.resortanticoverbano.com\/fr\/privacy-policy\/","title":{"rendered":"Privacy Policy"},"content":{"rendered":"<p>Conform\u00e9ment au r\u00e8glement europ\u00e9en\u00a02016\/679 RGPD www.resortanticoverbano.com<\/p>\n<p>Ce site Internet collecte les donn\u00e9es personnelles de ses utilisateurs.<\/p>\n<p>Le responsable du traitement des donn\u00e9es\u00a0:<\/p>\n<p>&nbsp;<\/p>\n<h3>TYPES DE DONN\u00c9ES COLLECT\u00c9ES Si\u00e8ge op\u00e9rationnel<\/h3>\n<p>Hotel Resort Antico Verbano \u2013 via Sempione, 60\/62 piazza G.Marconi, 28046 MEINA (NO)<\/p>\n<p><strong>Si\u00e8ge social<\/strong><\/p>\n<ol>\n<li>Residence Srl \u2013 viale Bezzi, 73 20146 Milan (MI)<\/li>\n<\/ol>\n<p>Parmi les donn\u00e9es personnelles collect\u00e9es par le site www.resortanticoverbano.com\/, de mani\u00e8re autonome ou par l\u2019interm\u00e9diaire de tiers, il y a\u00a0: le pr\u00e9nom, le nom, l\u2019adresse e-mail, le num\u00e9ro de t\u00e9l\u00e9phone, les donn\u00e9es d\u2019utilisation, les donn\u00e9es de base, les donn\u00e9es d\u2019identit\u00e9 et les cookies.<\/p>\n<p>La pr\u00e9sente politique ou les textes d\u2019information affich\u00e9s avant la collecte des donn\u00e9es pr\u00e9cisent le type de donn\u00e9es collect\u00e9es.<\/p>\n<p>Les donn\u00e9es personnelles peuvent \u00eatre librement fournies par l\u2019utilisateur ou, dans le cas des donn\u00e9es d\u2019utilisation, collect\u00e9es automatiquement.<\/p>\n<p>Sauf indication contraire, toutes les donn\u00e9es demand\u00e9es par le site www.resortanticoverbano.com\/ sont obligatoires.<\/p>\n<p>Si l\u2019utilisateur refuse de les communiquer, il peut \u00eatre impossible de fournir le service pour lequel elles sont saisies.<\/p>\n<p>Dans les cas o\u00f9 les donn\u00e9es demand\u00e9es sont indiqu\u00e9es comme facultatives, les utilisateurs peuvent librement choisir de les communiquer ou non, sans aucune cons\u00e9quence sur la disponibilit\u00e9 du service ou son fonctionnement.<\/p>\n<p>Les utilisateurs qui ont des doutes sur les donn\u00e9es obligatoires peuvent contacter le responsable.<\/p>\n<p>Toute utilisation de cookies, ou d\u2019autres outils de suivi, par ce site Internet ou par les responsables de services tiers utilis\u00e9s par le site www.resortanticoverbano.com\/, sauf indication contraire, vise \u00e0 fournir le service demand\u00e9 par l\u2019utilisateur, en plus des objectifs d\u00e9crits dans le pr\u00e9sent document et dans la politique relative aux cookies, le cas \u00e9ch\u00e9ant.<\/p>\n<p>L\u2019utilisateur assume la responsabilit\u00e9 des donn\u00e9es personnelles de tiers obtenues, publi\u00e9es ou partag\u00e9es \u00e0 travers ce site Internet et garantit d\u2019avoir le droit de les communiquer ou de les diffuser, en d\u00e9gageant le responsable de toute responsabilit\u00e9 envers des tiers.<\/p>\n<h3>Modalit\u00e9s et lieu de traitement des donn\u00e9es collect\u00e9es<\/h3>\n<p>Le responsable du traitement des donn\u00e9es prend toutes les mesures de s\u00e9curit\u00e9 appropri\u00e9es pour emp\u00eacher l\u2019acc\u00e8s aux donn\u00e9es personnelles, leur divulgation, leur modification et leur destruction non autoris\u00e9es.<\/p>\n<p>Le traitement est effectu\u00e9 au moyen d\u2019outils informatiques et\/ou t\u00e9l\u00e9matiques, avec des modalit\u00e9s organisationnelles et des logiques strictement li\u00e9es aux objectifs indiqu\u00e9s.<\/p>\n<p>En plus du responsable, dans certains cas, d\u2019autres personnes impliqu\u00e9es dans l\u2019organisation de l\u2019entreprise telles que\u00a0: les collaborateurs, le personnel administratif et commercial, le service marketing, les avocats, les administrateurs syst\u00e8me, les fournisseurs de services techniques tiers, les services postaux, les fournisseurs d\u2019h\u00e9bergement, les soci\u00e9t\u00e9s informatiques et les agences de communication peuvent avoir acc\u00e8s aux donn\u00e9es.<\/p>\n<p>Les donn\u00e9es sont trait\u00e9es aux si\u00e8ges op\u00e9rationnels du responsable et dans tout autre lieu o\u00f9 les parties impliqu\u00e9es sont situ\u00e9es.<\/p>\n<p>Nous pouvons stocker des informations, y compris des informations personnelles, localement sur l\u2019appareil de l\u2019utilisateur, en utilisant des cookies et\/ou d\u2019autres m\u00e9thodes de stockage d\u2019applications et de navigateurs.<\/p>\n<p>Les donn\u00e9es personnelles de l\u2019utilisateur peuvent \u00eatre transf\u00e9r\u00e9es dans un pays diff\u00e9rent de celui dans lequel l\u2019utilisateur se trouve.<\/p>\n<p>L\u2019utilisateur a le droit d\u2019obtenir des informations sur la base juridique du transfert de donn\u00e9es en dehors de l\u2019Union europ\u00e9enne et sur les mesures de s\u00e9curit\u00e9 adopt\u00e9es par le responsable pour prot\u00e9ger les donn\u00e9es.<\/p>\n<p>Si l\u2019un des transferts d\u00e9crits ci-dessus a lieu, l\u2019utilisateur peut se r\u00e9f\u00e9rer aux sections respectives de ce document ou demander des informations au responsable en le contactant aux coordonn\u00e9es indiqu\u00e9es au d\u00e9but.<\/p>\n<h3>Responsables du traitement des donn\u00e9es par le responsable<\/h3>\n<p>La liste mise \u00e0 jour des responsables du traitement des donn\u00e9es de l\u2019utilisateur peut toujours \u00eatre demand\u00e9e par \u00e9crit au responsable du traitement.<\/p>\n<h3>Base juridique du traitement des donn\u00e9es de l\u2019utilisateur<\/h3>\n<p>Le responsable traite les donn\u00e9es de l\u2019utilisateur conform\u00e9ment aux pr\u00e9sentes conditions\u00a0:<\/p>\n<ul>\n<li>l\u2019utilisateur a donn\u00e9 son consentement pour une ou plusieurs finalit\u00e9s sp\u00e9cifiques ;<\/li>\n<li>le traitement des donn\u00e9es est n\u00e9cessaire \u00e0 la conclusion d\u2019un contrat avec l\u2019utilisateur et\/ou \u00e0 l\u2019ex\u00e9cution de mesures pr\u00e9contractuelles ;<\/li>\n<li>le traitement est n\u00e9cessaire au respect d\u2019une obligation l\u00e9gale \u00e0 laquelle le responsable est soumis ;<\/li>\n<li>le traitement est n\u00e9cessaire \u00e0 l\u2019ex\u00e9cution d\u2019une t\u00e2che d\u2019int\u00e9r\u00eat public ou \u00e0 l\u2019exercice de l\u2019autorit\u00e9 publique dont le responsable du traitement pourrait \u00eatre investi ;<\/li>\n<li>le traitement est n\u00e9cessaire pour la poursuite de l\u2019int\u00e9r\u00eat l\u00e9gitime du responsable\u00a0; il est toujours possible de demander au responsable de sp\u00e9cifier le traitement s\u2019il est bas\u00e9 sur la loi, pr\u00e9vu par un contrat ou n\u00e9cessaire pour conclure un contrat\u00a0;<\/li>\n<li>Les donn\u00e9es de l\u2019utilisateur sont collect\u00e9es pour permettre au responsable de fournir ses services, ainsi que pour les objectifs suivants\u00a0: contacter l\u2019utilisateur, interaction avec les r\u00e9seaux sociaux et les plateformes externes, statistiques et affichage du contenu \u00e0 partir de plateformes externes. Pour plus d\u2019informations, veuillez lire les politiques de confidentialit\u00e9 de chaque site tiers.<\/li>\n<\/ul>\n<h3><strong>P\u00e9riode de conservation des donn\u00e9es<\/strong><\/h3>\n<p>Les donn\u00e9es sont trait\u00e9es et conserv\u00e9es pendant la dur\u00e9e requise par les finalit\u00e9s pour lesquelles elles ont \u00e9t\u00e9 collect\u00e9es.<\/p>\n<p>Par cons\u00e9quent\u00a0:<\/p>\n<ul>\n<li>les donn\u00e9es personnelles collect\u00e9es \u00e0 des fins li\u00e9es \u00e0 l\u2019ex\u00e9cution d\u2019un contrat entre le responsable et l\u2019utilisateur seront conserv\u00e9es jusqu\u2019\u00e0 l\u2019ex\u00e9cution compl\u00e8te du contrat ;<\/li>\n<li>les donn\u00e9es personnelles collect\u00e9es \u00e0 des fins li\u00e9es \u00e0 l\u2019int\u00e9r\u00eat du responsable seront conserv\u00e9es jusqu\u2019\u00e0 la satisfaction de cet int\u00e9r\u00eat. L\u2019utilisateur peut obtenir plus d\u2019informations sur l\u2019int\u00e9r\u00eat l\u00e9gitime poursuivi par le responsable dans les sections correspondantes de ce document ou en contactant le responsable.<\/li>\n<li>Lorsque le traitement des donn\u00e9es est bas\u00e9 sur le consentement de l\u2019utilisateur, le responsable peut conserver les donn\u00e9es personnelles jusqu\u2019\u00e0 ce que ce consentement soit explicitement r\u00e9voqu\u00e9.<\/li>\n<li>En outre, le responsable peut \u00eatre oblig\u00e9 de conserver certaines donn\u00e9es personnelles conform\u00e9ment \u00e0 une obligation l\u00e9gale ou sur ordre d\u2019un organisme public.<\/li>\n<\/ul>\n<p>&nbsp;<\/p>\n","protected":false},"excerpt":{"rendered":"<p>Conform\u00e9ment au r\u00e8glement europ\u00e9en\u00a02016\/679 RGPD www.resortanticoverbano.com Ce site Internet collecte les donn\u00e9es personnelles de ses utilisateurs. Le responsable du traitement des donn\u00e9es\u00a0: &nbsp; TYPES DE DONN\u00c9ES COLLECT\u00c9ES Si\u00e8ge op\u00e9rationnel Hotel Resort Antico Verbano \u2013 via Sempione, 60\/62 piazza G.Marconi, 28046 MEINA (NO) Si\u00e8ge social Residence Srl \u2013 viale Bezzi, 73 20146 Milan (MI) Parmi les [&hellip;]<\/p>\n","protected":false},"author":12,"featured_media":0,"parent":0,"menu_order":250,"comment_status":"closed","ping_status":"closed","template":"template-default-2.php","meta":{"footnotes":""},"class_list":["post-1455","page","type-page","status-publish","hentry"],"yoast_head":"<!-- This site is optimized with the Yoast SEO plugin v27.3 - https:\/\/yoast.com\/product\/yoast-seo-wordpress\/ -->\n<title>Privacy Policy - Resort Antico Verbano<\/title>\n<meta name=\"description\" content=\"Conform\u00e9ment au r\u00e8glement europ\u00e9en\u00a02016\/679 RGPD www.resortanticoverbano.com  Ce site Internet collecte les donn\u00e9es personnelles de ses utilisateurs.  Le responsable du traitement des donn\u00e9es\u00a0:  &nbsp; TYPES DE DONN\u00c9ES COLLECT\u00c9ES Si\u00e8ge op\u00e9rationnel Hotel Resort Antico Verbano \u2013 via Sempione, 60\/62 piazza G.Marconi, 28046 MEINA (NO)  Si\u00e8ge social   Residence Srl \u2013 viale Bezzi, 73 20146 Milan (MI)  Parmi les donn\u00e9es personnelles collect\u00e9es par le site www.resortanticoverbano.com\/, de mani\u00e8re autonome ou par l\u2019interm\u00e9diaire de tiers, il y a\u00a0: le pr\u00e9nom, le nom, l\u2019adresse e-mail, le num\u00e9ro de t\u00e9l\u00e9phone, les donn\u00e9es d\u2019utilisation, les donn\u00e9es de base, les donn\u00e9es d\u2019identit\u00e9 et les cookies.  La pr\u00e9sente politique ou les textes d\u2019information affich\u00e9s avant la collecte des donn\u00e9es pr\u00e9cisent le type de donn\u00e9es collect\u00e9es.  Les donn\u00e9es personnelles peuvent \u00eatre librement fournies par l\u2019utilisateur ou, dans le cas des donn\u00e9es d\u2019utilisation, collect\u00e9es automatiquement.  Sauf indication contraire, toutes les donn\u00e9es demand\u00e9es par le site www.resortanticoverbano.com\/ sont obligatoires.  Si l\u2019utilisateur refuse de les communiquer, il peut \u00eatre impossible de fournir le service pour lequel elles sont saisies.  Dans les cas o\u00f9 les donn\u00e9es demand\u00e9es sont indiqu\u00e9es comme facultatives, les utilisateurs peuvent librement choisir de les communiquer ou non, sans aucune cons\u00e9quence sur la disponibilit\u00e9 du service ou son fonctionnement.  Les utilisateurs qui ont des doutes sur les donn\u00e9es obligatoires peuvent contacter le responsable.  Toute utilisation de cookies, ou d\u2019autres outils de suivi, par ce site Internet ou par les responsables de services tiers utilis\u00e9s par le site www.resortanticoverbano.com\/, sauf indication contraire, vise \u00e0 fournir le service demand\u00e9 par l\u2019utilisateur, en plus des objectifs d\u00e9crits dans le pr\u00e9sent document et dans la politique relative aux cookies, le cas \u00e9ch\u00e9ant.  L\u2019utilisateur assume la responsabilit\u00e9 des donn\u00e9es personnelles de tiers obtenues, publi\u00e9es ou partag\u00e9es \u00e0 travers ce site Internet et garantit d\u2019avoir le droit de les communiquer ou de les diffuser, en d\u00e9gageant le responsable de toute responsabilit\u00e9 envers des tiers. Modalit\u00e9s et lieu de traitement des donn\u00e9es collect\u00e9es Le responsable du traitement des donn\u00e9es prend toutes les mesures de s\u00e9curit\u00e9 appropri\u00e9es pour emp\u00eacher l\u2019acc\u00e8s aux donn\u00e9es personnelles, leur divulgation, leur modification et leur destruction non autoris\u00e9es.  Le traitement est effectu\u00e9 au moyen d\u2019outils informatiques et\/ou t\u00e9l\u00e9matiques, avec des modalit\u00e9s organisationnelles et des logiques strictement li\u00e9es aux objectifs indiqu\u00e9s.  En plus du responsable, dans certains cas, d\u2019autres personnes impliqu\u00e9es dans l\u2019organisation de l\u2019entreprise telles que\u00a0: les collaborateurs, le personnel administratif et commercial, le service marketing, les avocats, les administrateurs syst\u00e8me, les fournisseurs de services techniques tiers, les services postaux, les fournisseurs d\u2019h\u00e9bergement, les soci\u00e9t\u00e9s informatiques et les agences de communication peuvent avoir acc\u00e8s aux donn\u00e9es.  Les donn\u00e9es sont trait\u00e9es aux si\u00e8ges op\u00e9rationnels du responsable et dans tout autre lieu o\u00f9 les parties impliqu\u00e9es sont situ\u00e9es.  Nous pouvons stocker des informations, y compris des informations personnelles, localement sur l\u2019appareil de l\u2019utilisateur, en utilisant des cookies et\/ou d\u2019autres m\u00e9thodes de stockage d\u2019applications et de navigateurs.  Les donn\u00e9es personnelles de l\u2019utilisateur peuvent \u00eatre transf\u00e9r\u00e9es dans un pays diff\u00e9rent de celui dans lequel l\u2019utilisateur se trouve.  L\u2019utilisateur a le droit d\u2019obtenir des informations sur la base juridique du transfert de donn\u00e9es en dehors de l\u2019Union europ\u00e9enne et sur les mesures de s\u00e9curit\u00e9 adopt\u00e9es par le responsable pour prot\u00e9ger les donn\u00e9es.  Si l\u2019un des transferts d\u00e9crits ci-dessus a lieu, l\u2019utilisateur peut se r\u00e9f\u00e9rer aux sections respectives de ce document ou demander des informations au responsable en le contactant aux coordonn\u00e9es indiqu\u00e9es au d\u00e9but. Responsables du traitement des donn\u00e9es par le responsable La liste mise \u00e0 jour des responsables du traitement des donn\u00e9es de l\u2019utilisateur peut toujours \u00eatre demand\u00e9e par \u00e9crit au responsable du traitement. Base juridique du traitement des donn\u00e9es de l\u2019utilisateur Le responsable traite les donn\u00e9es de l\u2019utilisateur conform\u00e9ment aux pr\u00e9sentes conditions\u00a0:   l\u2019utilisateur a donn\u00e9 son consentement pour une ou plusieurs finalit\u00e9s sp\u00e9cifiques ;  le traitement des donn\u00e9es est n\u00e9cessaire \u00e0 la conclusion d\u2019un contrat avec l\u2019utilisateur et\/ou \u00e0 l\u2019ex\u00e9cution de mesures pr\u00e9contractuelles ;  le traitement est n\u00e9cessaire au respect d\u2019une obligation l\u00e9gale \u00e0 laquelle le responsable est soumis ;  le traitement est n\u00e9cessaire \u00e0 l\u2019ex\u00e9cution d\u2019une t\u00e2che d\u2019int\u00e9r\u00eat public ou \u00e0 l\u2019exercice de l\u2019autorit\u00e9 publique dont le responsable du traitement pourrait \u00eatre investi ;  le traitement est n\u00e9cessaire pour la poursuite de l\u2019int\u00e9r\u00eat l\u00e9gitime du responsable\u00a0; il est toujours possible de demander au responsable de sp\u00e9cifier le traitement s\u2019il est bas\u00e9 sur la loi, pr\u00e9vu par un contrat ou n\u00e9cessaire pour conclure un contrat\u00a0;  Les donn\u00e9es de l\u2019utilisateur sont collect\u00e9es pour permettre au responsable de fournir ses services, ainsi que pour les objectifs suivants\u00a0: contacter l\u2019utilisateur, interaction avec les r\u00e9seaux sociaux et les plateformes externes, statistiques et affichage du contenu \u00e0 partir de plateformes externes. Pour plus d\u2019informations, veuillez lire les politiques de confidentialit\u00e9 de chaque site tiers.  P\u00e9riode de conservation des donn\u00e9es Les donn\u00e9es sont trait\u00e9es et conserv\u00e9es pendant la dur\u00e9e requise par les finalit\u00e9s pour lesquelles elles ont \u00e9t\u00e9 collect\u00e9es.  Par cons\u00e9quent\u00a0:   les donn\u00e9es personnelles collect\u00e9es \u00e0 des fins li\u00e9es \u00e0 l\u2019ex\u00e9cution d\u2019un contrat entre le responsable et l\u2019utilisateur seront conserv\u00e9es jusqu\u2019\u00e0 l\u2019ex\u00e9cution compl\u00e8te du contrat ;  les donn\u00e9es personnelles collect\u00e9es \u00e0 des fins li\u00e9es \u00e0 l\u2019int\u00e9r\u00eat du responsable seront conserv\u00e9es jusqu\u2019\u00e0 la satisfaction de cet int\u00e9r\u00eat\" \/>\n<meta name=\"robots\" content=\"index, follow, max-snippet:-1, max-image-preview:large, max-video-preview:-1\" \/>\n<link rel=\"canonical\" href=\"https:\/\/www.resortanticoverbano.com\/fr\/privacy-policy\/\" \/>\n<meta property=\"og:locale\" content=\"fr_FR\" \/>\n<meta property=\"og:type\" content=\"article\" \/>\n<meta property=\"og:title\" content=\"Privacy Policy - Resort Antico Verbano\" \/>\n<meta property=\"og:description\" content=\"Conform\u00e9ment au r\u00e8glement europ\u00e9en\u00a02016\/679 RGPD www.resortanticoverbano.com  Ce site Internet collecte les donn\u00e9es personnelles de ses utilisateurs.  Le responsable du traitement des donn\u00e9es\u00a0:  &nbsp; TYPES DE DONN\u00c9ES COLLECT\u00c9ES Si\u00e8ge op\u00e9rationnel Hotel Resort Antico Verbano \u2013 via Sempione, 60\/62 piazza G.Marconi, 28046 MEINA (NO)  Si\u00e8ge social   Residence Srl \u2013 viale Bezzi, 73 20146 Milan (MI)  Parmi les donn\u00e9es personnelles collect\u00e9es par le site www.resortanticoverbano.com\/, de mani\u00e8re autonome ou par l\u2019interm\u00e9diaire de tiers, il y a\u00a0: le pr\u00e9nom, le nom, l\u2019adresse e-mail, le num\u00e9ro de t\u00e9l\u00e9phone, les donn\u00e9es d\u2019utilisation, les donn\u00e9es de base, les donn\u00e9es d\u2019identit\u00e9 et les cookies.  La pr\u00e9sente politique ou les textes d\u2019information affich\u00e9s avant la collecte des donn\u00e9es pr\u00e9cisent le type de donn\u00e9es collect\u00e9es.  Les donn\u00e9es personnelles peuvent \u00eatre librement fournies par l\u2019utilisateur ou, dans le cas des donn\u00e9es d\u2019utilisation, collect\u00e9es automatiquement.  Sauf indication contraire, toutes les donn\u00e9es demand\u00e9es par le site www.resortanticoverbano.com\/ sont obligatoires.  Si l\u2019utilisateur refuse de les communiquer, il peut \u00eatre impossible de fournir le service pour lequel elles sont saisies.  Dans les cas o\u00f9 les donn\u00e9es demand\u00e9es sont indiqu\u00e9es comme facultatives, les utilisateurs peuvent librement choisir de les communiquer ou non, sans aucune cons\u00e9quence sur la disponibilit\u00e9 du service ou son fonctionnement.  Les utilisateurs qui ont des doutes sur les donn\u00e9es obligatoires peuvent contacter le responsable.  Toute utilisation de cookies, ou d\u2019autres outils de suivi, par ce site Internet ou par les responsables de services tiers utilis\u00e9s par le site www.resortanticoverbano.com\/, sauf indication contraire, vise \u00e0 fournir le service demand\u00e9 par l\u2019utilisateur, en plus des objectifs d\u00e9crits dans le pr\u00e9sent document et dans la politique relative aux cookies, le cas \u00e9ch\u00e9ant.  L\u2019utilisateur assume la responsabilit\u00e9 des donn\u00e9es personnelles de tiers obtenues, publi\u00e9es ou partag\u00e9es \u00e0 travers ce site Internet et garantit d\u2019avoir le droit de les communiquer ou de les diffuser, en d\u00e9gageant le responsable de toute responsabilit\u00e9 envers des tiers. Modalit\u00e9s et lieu de traitement des donn\u00e9es collect\u00e9es Le responsable du traitement des donn\u00e9es prend toutes les mesures de s\u00e9curit\u00e9 appropri\u00e9es pour emp\u00eacher l\u2019acc\u00e8s aux donn\u00e9es personnelles, leur divulgation, leur modification et leur destruction non autoris\u00e9es.  Le traitement est effectu\u00e9 au moyen d\u2019outils informatiques et\/ou t\u00e9l\u00e9matiques, avec des modalit\u00e9s organisationnelles et des logiques strictement li\u00e9es aux objectifs indiqu\u00e9s.  En plus du responsable, dans certains cas, d\u2019autres personnes impliqu\u00e9es dans l\u2019organisation de l\u2019entreprise telles que\u00a0: les collaborateurs, le personnel administratif et commercial, le service marketing, les avocats, les administrateurs syst\u00e8me, les fournisseurs de services techniques tiers, les services postaux, les fournisseurs d\u2019h\u00e9bergement, les soci\u00e9t\u00e9s informatiques et les agences de communication peuvent avoir acc\u00e8s aux donn\u00e9es.  Les donn\u00e9es sont trait\u00e9es aux si\u00e8ges op\u00e9rationnels du responsable et dans tout autre lieu o\u00f9 les parties impliqu\u00e9es sont situ\u00e9es.  Nous pouvons stocker des informations, y compris des informations personnelles, localement sur l\u2019appareil de l\u2019utilisateur, en utilisant des cookies et\/ou d\u2019autres m\u00e9thodes de stockage d\u2019applications et de navigateurs.  Les donn\u00e9es personnelles de l\u2019utilisateur peuvent \u00eatre transf\u00e9r\u00e9es dans un pays diff\u00e9rent de celui dans lequel l\u2019utilisateur se trouve.  L\u2019utilisateur a le droit d\u2019obtenir des informations sur la base juridique du transfert de donn\u00e9es en dehors de l\u2019Union europ\u00e9enne et sur les mesures de s\u00e9curit\u00e9 adopt\u00e9es par le responsable pour prot\u00e9ger les donn\u00e9es.  Si l\u2019un des transferts d\u00e9crits ci-dessus a lieu, l\u2019utilisateur peut se r\u00e9f\u00e9rer aux sections respectives de ce document ou demander des informations au responsable en le contactant aux coordonn\u00e9es indiqu\u00e9es au d\u00e9but. Responsables du traitement des donn\u00e9es par le responsable La liste mise \u00e0 jour des responsables du traitement des donn\u00e9es de l\u2019utilisateur peut toujours \u00eatre demand\u00e9e par \u00e9crit au responsable du traitement. Base juridique du traitement des donn\u00e9es de l\u2019utilisateur Le responsable traite les donn\u00e9es de l\u2019utilisateur conform\u00e9ment aux pr\u00e9sentes conditions\u00a0:   l\u2019utilisateur a donn\u00e9 son consentement pour une ou plusieurs finalit\u00e9s sp\u00e9cifiques ;  le traitement des donn\u00e9es est n\u00e9cessaire \u00e0 la conclusion d\u2019un contrat avec l\u2019utilisateur et\/ou \u00e0 l\u2019ex\u00e9cution de mesures pr\u00e9contractuelles ;  le traitement est n\u00e9cessaire au respect d\u2019une obligation l\u00e9gale \u00e0 laquelle le responsable est soumis ;  le traitement est n\u00e9cessaire \u00e0 l\u2019ex\u00e9cution d\u2019une t\u00e2che d\u2019int\u00e9r\u00eat public ou \u00e0 l\u2019exercice de l\u2019autorit\u00e9 publique dont le responsable du traitement pourrait \u00eatre investi ;  le traitement est n\u00e9cessaire pour la poursuite de l\u2019int\u00e9r\u00eat l\u00e9gitime du responsable\u00a0; il est toujours possible de demander au responsable de sp\u00e9cifier le traitement s\u2019il est bas\u00e9 sur la loi, pr\u00e9vu par un contrat ou n\u00e9cessaire pour conclure un contrat\u00a0;  Les donn\u00e9es de l\u2019utilisateur sont collect\u00e9es pour permettre au responsable de fournir ses services, ainsi que pour les objectifs suivants\u00a0: contacter l\u2019utilisateur, interaction avec les r\u00e9seaux sociaux et les plateformes externes, statistiques et affichage du contenu \u00e0 partir de plateformes externes. Pour plus d\u2019informations, veuillez lire les politiques de confidentialit\u00e9 de chaque site tiers.  P\u00e9riode de conservation des donn\u00e9es Les donn\u00e9es sont trait\u00e9es et conserv\u00e9es pendant la dur\u00e9e requise par les finalit\u00e9s pour lesquelles elles ont \u00e9t\u00e9 collect\u00e9es.  Par cons\u00e9quent\u00a0:   les donn\u00e9es personnelles collect\u00e9es \u00e0 des fins li\u00e9es \u00e0 l\u2019ex\u00e9cution d\u2019un contrat entre le responsable et l\u2019utilisateur seront conserv\u00e9es jusqu\u2019\u00e0 l\u2019ex\u00e9cution compl\u00e8te du contrat ;  les donn\u00e9es personnelles collect\u00e9es \u00e0 des fins li\u00e9es \u00e0 l\u2019int\u00e9r\u00eat du responsable seront conserv\u00e9es jusqu\u2019\u00e0 la satisfaction de cet int\u00e9r\u00eat\" \/>\n<meta property=\"og:url\" content=\"https:\/\/www.resortanticoverbano.com\/fr\/privacy-policy\/\" \/>\n<meta property=\"og:site_name\" content=\"Resort Antico Verbano\" \/>\n<meta property=\"article:modified_time\" content=\"2024-01-18T15:22:27+00:00\" \/>\n<meta name=\"twitter:card\" content=\"summary_large_image\" \/>\n<meta name=\"twitter:label1\" content=\"Dur\u00e9e de lecture estim\u00e9e\" \/>\n\t<meta name=\"twitter:data1\" content=\"6 minutes\" \/>\n<script type=\"application\/ld+json\" class=\"yoast-schema-graph\">{\"@context\":\"https:\\\/\\\/schema.org\",\"@graph\":[{\"@type\":\"WebPage\",\"@id\":\"https:\\\/\\\/www.resortanticoverbano.com\\\/fr\\\/privacy-policy\\\/\",\"url\":\"https:\\\/\\\/www.resortanticoverbano.com\\\/fr\\\/privacy-policy\\\/\",\"name\":\"Privacy Policy - Resort Antico Verbano\",\"isPartOf\":{\"@id\":\"https:\\\/\\\/www.resortanticoverbano.com\\\/fr\\\/#website\"},\"datePublished\":\"2023-10-17T12:56:47+00:00\",\"dateModified\":\"2024-01-18T15:22:27+00:00\",\"description\":\"Conform\u00e9ment au r\u00e8glement europ\u00e9en\u00a02016\\\/679 RGPD www.resortanticoverbano.com Ce site Internet collecte les donn\u00e9es personnelles de ses utilisateurs. Le responsable du traitement des donn\u00e9es\u00a0: &nbsp; TYPES DE DONN\u00c9ES COLLECT\u00c9ES Si\u00e8ge op\u00e9rationnel Hotel Resort Antico Verbano \u2013 via Sempione, 60\\\/62 piazza G.Marconi, 28046 MEINA (NO) Si\u00e8ge social \u2022 Residence Srl \u2013 viale Bezzi, 73 20146 Milan (MI) Parmi les donn\u00e9es personnelles collect\u00e9es par le site www.resortanticoverbano.com\\\/, de mani\u00e8re autonome ou par l\u2019interm\u00e9diaire de tiers, il y a\u00a0: le pr\u00e9nom, le nom, l\u2019adresse e-mail, le num\u00e9ro de t\u00e9l\u00e9phone, les donn\u00e9es d\u2019utilisation, les donn\u00e9es de base, les donn\u00e9es d\u2019identit\u00e9 et les cookies. La pr\u00e9sente politique ou les textes d\u2019information affich\u00e9s avant la collecte des donn\u00e9es pr\u00e9cisent le type de donn\u00e9es collect\u00e9es. Les donn\u00e9es personnelles peuvent \u00eatre librement fournies par l\u2019utilisateur ou, dans le cas des donn\u00e9es d\u2019utilisation, collect\u00e9es automatiquement. Sauf indication contraire, toutes les donn\u00e9es demand\u00e9es par le site www.resortanticoverbano.com\\\/ sont obligatoires. Si l\u2019utilisateur refuse de les communiquer, il peut \u00eatre impossible de fournir le service pour lequel elles sont saisies. Dans les cas o\u00f9 les donn\u00e9es demand\u00e9es sont indiqu\u00e9es comme facultatives, les utilisateurs peuvent librement choisir de les communiquer ou non, sans aucune cons\u00e9quence sur la disponibilit\u00e9 du service ou son fonctionnement. Les utilisateurs qui ont des doutes sur les donn\u00e9es obligatoires peuvent contacter le responsable. Toute utilisation de cookies, ou d\u2019autres outils de suivi, par ce site Internet ou par les responsables de services tiers utilis\u00e9s par le site www.resortanticoverbano.com\\\/, sauf indication contraire, vise \u00e0 fournir le service demand\u00e9 par l\u2019utilisateur, en plus des objectifs d\u00e9crits dans le pr\u00e9sent document et dans la politique relative aux cookies, le cas \u00e9ch\u00e9ant. L\u2019utilisateur assume la responsabilit\u00e9 des donn\u00e9es personnelles de tiers obtenues, publi\u00e9es ou partag\u00e9es \u00e0 travers ce site Internet et garantit d\u2019avoir le droit de les communiquer ou de les diffuser, en d\u00e9gageant le responsable de toute responsabilit\u00e9 envers des tiers. Modalit\u00e9s et lieu de traitement des donn\u00e9es collect\u00e9es Le responsable du traitement des donn\u00e9es prend toutes les mesures de s\u00e9curit\u00e9 appropri\u00e9es pour emp\u00eacher l\u2019acc\u00e8s aux donn\u00e9es personnelles, leur divulgation, leur modification et leur destruction non autoris\u00e9es. Le traitement est effectu\u00e9 au moyen d\u2019outils informatiques et\\\/ou t\u00e9l\u00e9matiques, avec des modalit\u00e9s organisationnelles et des logiques strictement li\u00e9es aux objectifs indiqu\u00e9s. En plus du responsable, dans certains cas, d\u2019autres personnes impliqu\u00e9es dans l\u2019organisation de l\u2019entreprise telles que\u00a0: les collaborateurs, le personnel administratif et commercial, le service marketing, les avocats, les administrateurs syst\u00e8me, les fournisseurs de services techniques tiers, les services postaux, les fournisseurs d\u2019h\u00e9bergement, les soci\u00e9t\u00e9s informatiques et les agences de communication peuvent avoir acc\u00e8s aux donn\u00e9es. Les donn\u00e9es sont trait\u00e9es aux si\u00e8ges op\u00e9rationnels du responsable et dans tout autre lieu o\u00f9 les parties impliqu\u00e9es sont situ\u00e9es. Nous pouvons stocker des informations, y compris des informations personnelles, localement sur l\u2019appareil de l\u2019utilisateur, en utilisant des cookies et\\\/ou d\u2019autres m\u00e9thodes de stockage d\u2019applications et de navigateurs. Les donn\u00e9es personnelles de l\u2019utilisateur peuvent \u00eatre transf\u00e9r\u00e9es dans un pays diff\u00e9rent de celui dans lequel l\u2019utilisateur se trouve. L\u2019utilisateur a le droit d\u2019obtenir des informations sur la base juridique du transfert de donn\u00e9es en dehors de l\u2019Union europ\u00e9enne et sur les mesures de s\u00e9curit\u00e9 adopt\u00e9es par le responsable pour prot\u00e9ger les donn\u00e9es. Si l\u2019un des transferts d\u00e9crits ci-dessus a lieu, l\u2019utilisateur peut se r\u00e9f\u00e9rer aux sections respectives de ce document ou demander des informations au responsable en le contactant aux coordonn\u00e9es indiqu\u00e9es au d\u00e9but. Responsables du traitement des donn\u00e9es par le responsable La liste mise \u00e0 jour des responsables du traitement des donn\u00e9es de l\u2019utilisateur peut toujours \u00eatre demand\u00e9e par \u00e9crit au responsable du traitement. Base juridique du traitement des donn\u00e9es de l\u2019utilisateur Le responsable traite les donn\u00e9es de l\u2019utilisateur conform\u00e9ment aux pr\u00e9sentes conditions\u00a0: \u2022 l\u2019utilisateur a donn\u00e9 son consentement pour une ou plusieurs finalit\u00e9s sp\u00e9cifiques ; \u2022 le traitement des donn\u00e9es est n\u00e9cessaire \u00e0 la conclusion d\u2019un contrat avec l\u2019utilisateur et\\\/ou \u00e0 l\u2019ex\u00e9cution de mesures pr\u00e9contractuelles ; \u2022 le traitement est n\u00e9cessaire au respect d\u2019une obligation l\u00e9gale \u00e0 laquelle le responsable est soumis ; \u2022 le traitement est n\u00e9cessaire \u00e0 l\u2019ex\u00e9cution d\u2019une t\u00e2che d\u2019int\u00e9r\u00eat public ou \u00e0 l\u2019exercice de l\u2019autorit\u00e9 publique dont le responsable du traitement pourrait \u00eatre investi ; \u2022 le traitement est n\u00e9cessaire pour la poursuite de l\u2019int\u00e9r\u00eat l\u00e9gitime du responsable\u00a0; il est toujours possible de demander au responsable de sp\u00e9cifier le traitement s\u2019il est bas\u00e9 sur la loi, pr\u00e9vu par un contrat ou n\u00e9cessaire pour conclure un contrat\u00a0; \u2022 Les donn\u00e9es de l\u2019utilisateur sont collect\u00e9es pour permettre au responsable de fournir ses services, ainsi que pour les objectifs suivants\u00a0: contacter l\u2019utilisateur, interaction avec les r\u00e9seaux sociaux et les plateformes externes, statistiques et affichage du contenu \u00e0 partir de plateformes externes. Pour plus d\u2019informations, veuillez lire les politiques de confidentialit\u00e9 de chaque site tiers. P\u00e9riode de conservation des donn\u00e9es Les donn\u00e9es sont trait\u00e9es et conserv\u00e9es pendant la dur\u00e9e requise par les finalit\u00e9s pour lesquelles elles ont \u00e9t\u00e9 collect\u00e9es. Par cons\u00e9quent\u00a0: \u2022 les donn\u00e9es personnelles collect\u00e9es \u00e0 des fins li\u00e9es \u00e0 l\u2019ex\u00e9cution d\u2019un contrat entre le responsable et l\u2019utilisateur seront conserv\u00e9es jusqu\u2019\u00e0 l\u2019ex\u00e9cution compl\u00e8te du contrat ; \u2022 les donn\u00e9es personnelles collect\u00e9es \u00e0 des fins li\u00e9es \u00e0 l\u2019int\u00e9r\u00eat du responsable seront conserv\u00e9es jusqu\u2019\u00e0 la satisfaction de cet int\u00e9r\u00eat\",\"breadcrumb\":{\"@id\":\"https:\\\/\\\/www.resortanticoverbano.com\\\/fr\\\/privacy-policy\\\/#breadcrumb\"},\"inLanguage\":\"fr-FR\",\"potentialAction\":[{\"@type\":\"ReadAction\",\"target\":[\"https:\\\/\\\/www.resortanticoverbano.com\\\/fr\\\/privacy-policy\\\/\"]}]},{\"@type\":\"BreadcrumbList\",\"@id\":\"https:\\\/\\\/www.resortanticoverbano.com\\\/fr\\\/privacy-policy\\\/#breadcrumb\",\"itemListElement\":[{\"@type\":\"ListItem\",\"position\":1,\"name\":\"Home\",\"item\":\"https:\\\/\\\/www.resortanticoverbano.com\\\/fr\\\/\"},{\"@type\":\"ListItem\",\"position\":2,\"name\":\"Privacy Policy\"}]},{\"@type\":\"WebSite\",\"@id\":\"https:\\\/\\\/www.resortanticoverbano.com\\\/fr\\\/#website\",\"url\":\"https:\\\/\\\/www.resortanticoverbano.com\\\/fr\\\/\",\"name\":\"Resort Antico Verbano\",\"description\":\"\",\"publisher\":{\"@id\":\"https:\\\/\\\/www.resortanticoverbano.com\\\/fr\\\/#organization\"},\"potentialAction\":[{\"@type\":\"SearchAction\",\"target\":{\"@type\":\"EntryPoint\",\"urlTemplate\":\"https:\\\/\\\/www.resortanticoverbano.com\\\/fr\\\/?s={search_term_string}\"},\"query-input\":{\"@type\":\"PropertyValueSpecification\",\"valueRequired\":true,\"valueName\":\"search_term_string\"}}],\"inLanguage\":\"fr-FR\"},{\"@type\":\"Organization\",\"@id\":\"https:\\\/\\\/www.resortanticoverbano.com\\\/fr\\\/#organization\",\"name\":\"Resort Antico Verbano\",\"url\":\"https:\\\/\\\/www.resortanticoverbano.com\\\/fr\\\/\",\"logo\":{\"@type\":\"ImageObject\",\"inLanguage\":\"fr-FR\",\"@id\":\"https:\\\/\\\/www.resortanticoverbano.com\\\/fr\\\/#\\\/schema\\\/logo\\\/image\\\/\",\"url\":\"https:\\\/\\\/www.resortanticoverbano.com\\\/wp-content\\\/uploads\\\/sites\\\/66\\\/2023\\\/09\\\/Logo-Antico-Verbano-2023.png\",\"contentUrl\":\"https:\\\/\\\/www.resortanticoverbano.com\\\/wp-content\\\/uploads\\\/sites\\\/66\\\/2023\\\/09\\\/Logo-Antico-Verbano-2023.png\",\"width\":500,\"height\":132,\"caption\":\"Resort Antico Verbano\"},\"image\":{\"@id\":\"https:\\\/\\\/www.resortanticoverbano.com\\\/fr\\\/#\\\/schema\\\/logo\\\/image\\\/\"},\"sameAs\":[\"https:\\\/\\\/www.instagram.com\\\/h.residence_anticoverbano\\\/\"]}]}<\/script>\n<!-- \/ Yoast SEO plugin. -->","yoast_head_json":{"title":"Privacy Policy - Resort Antico Verbano","description":"Conform\u00e9ment au r\u00e8glement europ\u00e9en\u00a02016\/679 RGPD www.resortanticoverbano.com  Ce site Internet collecte les donn\u00e9es personnelles de ses utilisateurs.  Le responsable du traitement des donn\u00e9es\u00a0:  &nbsp; TYPES DE DONN\u00c9ES COLLECT\u00c9ES Si\u00e8ge op\u00e9rationnel Hotel Resort Antico Verbano \u2013 via Sempione, 60\/62 piazza G.Marconi, 28046 MEINA (NO)  Si\u00e8ge social   Residence Srl \u2013 viale Bezzi, 73 20146 Milan (MI)  Parmi les donn\u00e9es personnelles collect\u00e9es par le site www.resortanticoverbano.com\/, de mani\u00e8re autonome ou par l\u2019interm\u00e9diaire de tiers, il y a\u00a0: le pr\u00e9nom, le nom, l\u2019adresse e-mail, le num\u00e9ro de t\u00e9l\u00e9phone, les donn\u00e9es d\u2019utilisation, les donn\u00e9es de base, les donn\u00e9es d\u2019identit\u00e9 et les cookies.  La pr\u00e9sente politique ou les textes d\u2019information affich\u00e9s avant la collecte des donn\u00e9es pr\u00e9cisent le type de donn\u00e9es collect\u00e9es.  Les donn\u00e9es personnelles peuvent \u00eatre librement fournies par l\u2019utilisateur ou, dans le cas des donn\u00e9es d\u2019utilisation, collect\u00e9es automatiquement.  Sauf indication contraire, toutes les donn\u00e9es demand\u00e9es par le site www.resortanticoverbano.com\/ sont obligatoires.  Si l\u2019utilisateur refuse de les communiquer, il peut \u00eatre impossible de fournir le service pour lequel elles sont saisies.  Dans les cas o\u00f9 les donn\u00e9es demand\u00e9es sont indiqu\u00e9es comme facultatives, les utilisateurs peuvent librement choisir de les communiquer ou non, sans aucune cons\u00e9quence sur la disponibilit\u00e9 du service ou son fonctionnement.  Les utilisateurs qui ont des doutes sur les donn\u00e9es obligatoires peuvent contacter le responsable.  Toute utilisation de cookies, ou d\u2019autres outils de suivi, par ce site Internet ou par les responsables de services tiers utilis\u00e9s par le site www.resortanticoverbano.com\/, sauf indication contraire, vise \u00e0 fournir le service demand\u00e9 par l\u2019utilisateur, en plus des objectifs d\u00e9crits dans le pr\u00e9sent document et dans la politique relative aux cookies, le cas \u00e9ch\u00e9ant.  L\u2019utilisateur assume la responsabilit\u00e9 des donn\u00e9es personnelles de tiers obtenues, publi\u00e9es ou partag\u00e9es \u00e0 travers ce site Internet et garantit d\u2019avoir le droit de les communiquer ou de les diffuser, en d\u00e9gageant le responsable de toute responsabilit\u00e9 envers des tiers. Modalit\u00e9s et lieu de traitement des donn\u00e9es collect\u00e9es Le responsable du traitement des donn\u00e9es prend toutes les mesures de s\u00e9curit\u00e9 appropri\u00e9es pour emp\u00eacher l\u2019acc\u00e8s aux donn\u00e9es personnelles, leur divulgation, leur modification et leur destruction non autoris\u00e9es.  Le traitement est effectu\u00e9 au moyen d\u2019outils informatiques et\/ou t\u00e9l\u00e9matiques, avec des modalit\u00e9s organisationnelles et des logiques strictement li\u00e9es aux objectifs indiqu\u00e9s.  En plus du responsable, dans certains cas, d\u2019autres personnes impliqu\u00e9es dans l\u2019organisation de l\u2019entreprise telles que\u00a0: les collaborateurs, le personnel administratif et commercial, le service marketing, les avocats, les administrateurs syst\u00e8me, les fournisseurs de services techniques tiers, les services postaux, les fournisseurs d\u2019h\u00e9bergement, les soci\u00e9t\u00e9s informatiques et les agences de communication peuvent avoir acc\u00e8s aux donn\u00e9es.  Les donn\u00e9es sont trait\u00e9es aux si\u00e8ges op\u00e9rationnels du responsable et dans tout autre lieu o\u00f9 les parties impliqu\u00e9es sont situ\u00e9es.  Nous pouvons stocker des informations, y compris des informations personnelles, localement sur l\u2019appareil de l\u2019utilisateur, en utilisant des cookies et\/ou d\u2019autres m\u00e9thodes de stockage d\u2019applications et de navigateurs.  Les donn\u00e9es personnelles de l\u2019utilisateur peuvent \u00eatre transf\u00e9r\u00e9es dans un pays diff\u00e9rent de celui dans lequel l\u2019utilisateur se trouve.  L\u2019utilisateur a le droit d\u2019obtenir des informations sur la base juridique du transfert de donn\u00e9es en dehors de l\u2019Union europ\u00e9enne et sur les mesures de s\u00e9curit\u00e9 adopt\u00e9es par le responsable pour prot\u00e9ger les donn\u00e9es.  Si l\u2019un des transferts d\u00e9crits ci-dessus a lieu, l\u2019utilisateur peut se r\u00e9f\u00e9rer aux sections respectives de ce document ou demander des informations au responsable en le contactant aux coordonn\u00e9es indiqu\u00e9es au d\u00e9but. Responsables du traitement des donn\u00e9es par le responsable La liste mise \u00e0 jour des responsables du traitement des donn\u00e9es de l\u2019utilisateur peut toujours \u00eatre demand\u00e9e par \u00e9crit au responsable du traitement. Base juridique du traitement des donn\u00e9es de l\u2019utilisateur Le responsable traite les donn\u00e9es de l\u2019utilisateur conform\u00e9ment aux pr\u00e9sentes conditions\u00a0:   l\u2019utilisateur a donn\u00e9 son consentement pour une ou plusieurs finalit\u00e9s sp\u00e9cifiques ;  le traitement des donn\u00e9es est n\u00e9cessaire \u00e0 la conclusion d\u2019un contrat avec l\u2019utilisateur et\/ou \u00e0 l\u2019ex\u00e9cution de mesures pr\u00e9contractuelles ;  le traitement est n\u00e9cessaire au respect d\u2019une obligation l\u00e9gale \u00e0 laquelle le responsable est soumis ;  le traitement est n\u00e9cessaire \u00e0 l\u2019ex\u00e9cution d\u2019une t\u00e2che d\u2019int\u00e9r\u00eat public ou \u00e0 l\u2019exercice de l\u2019autorit\u00e9 publique dont le responsable du traitement pourrait \u00eatre investi ;  le traitement est n\u00e9cessaire pour la poursuite de l\u2019int\u00e9r\u00eat l\u00e9gitime du responsable\u00a0; il est toujours possible de demander au responsable de sp\u00e9cifier le traitement s\u2019il est bas\u00e9 sur la loi, pr\u00e9vu par un contrat ou n\u00e9cessaire pour conclure un contrat\u00a0;  Les donn\u00e9es de l\u2019utilisateur sont collect\u00e9es pour permettre au responsable de fournir ses services, ainsi que pour les objectifs suivants\u00a0: contacter l\u2019utilisateur, interaction avec les r\u00e9seaux sociaux et les plateformes externes, statistiques et affichage du contenu \u00e0 partir de plateformes externes. Pour plus d\u2019informations, veuillez lire les politiques de confidentialit\u00e9 de chaque site tiers.  P\u00e9riode de conservation des donn\u00e9es Les donn\u00e9es sont trait\u00e9es et conserv\u00e9es pendant la dur\u00e9e requise par les finalit\u00e9s pour lesquelles elles ont \u00e9t\u00e9 collect\u00e9es.  Par cons\u00e9quent\u00a0:   les donn\u00e9es personnelles collect\u00e9es \u00e0 des fins li\u00e9es \u00e0 l\u2019ex\u00e9cution d\u2019un contrat entre le responsable et l\u2019utilisateur seront conserv\u00e9es jusqu\u2019\u00e0 l\u2019ex\u00e9cution compl\u00e8te du contrat ;  les donn\u00e9es personnelles collect\u00e9es \u00e0 des fins li\u00e9es \u00e0 l\u2019int\u00e9r\u00eat du responsable seront conserv\u00e9es jusqu\u2019\u00e0 la satisfaction de cet int\u00e9r\u00eat","robots":{"index":"index","follow":"follow","max-snippet":"max-snippet:-1","max-image-preview":"max-image-preview:large","max-video-preview":"max-video-preview:-1"},"canonical":"https:\/\/www.resortanticoverbano.com\/fr\/privacy-policy\/","og_locale":"fr_FR","og_type":"article","og_title":"Privacy Policy - Resort Antico Verbano","og_description":"Conform\u00e9ment au r\u00e8glement europ\u00e9en\u00a02016\/679 RGPD www.resortanticoverbano.com  Ce site Internet collecte les donn\u00e9es personnelles de ses utilisateurs.  Le responsable du traitement des donn\u00e9es\u00a0:  &nbsp; TYPES DE DONN\u00c9ES COLLECT\u00c9ES Si\u00e8ge op\u00e9rationnel Hotel Resort Antico Verbano \u2013 via Sempione, 60\/62 piazza G.Marconi, 28046 MEINA (NO)  Si\u00e8ge social   Residence Srl \u2013 viale Bezzi, 73 20146 Milan (MI)  Parmi les donn\u00e9es personnelles collect\u00e9es par le site www.resortanticoverbano.com\/, de mani\u00e8re autonome ou par l\u2019interm\u00e9diaire de tiers, il y a\u00a0: le pr\u00e9nom, le nom, l\u2019adresse e-mail, le num\u00e9ro de t\u00e9l\u00e9phone, les donn\u00e9es d\u2019utilisation, les donn\u00e9es de base, les donn\u00e9es d\u2019identit\u00e9 et les cookies.  La pr\u00e9sente politique ou les textes d\u2019information affich\u00e9s avant la collecte des donn\u00e9es pr\u00e9cisent le type de donn\u00e9es collect\u00e9es.  Les donn\u00e9es personnelles peuvent \u00eatre librement fournies par l\u2019utilisateur ou, dans le cas des donn\u00e9es d\u2019utilisation, collect\u00e9es automatiquement.  Sauf indication contraire, toutes les donn\u00e9es demand\u00e9es par le site www.resortanticoverbano.com\/ sont obligatoires.  Si l\u2019utilisateur refuse de les communiquer, il peut \u00eatre impossible de fournir le service pour lequel elles sont saisies.  Dans les cas o\u00f9 les donn\u00e9es demand\u00e9es sont indiqu\u00e9es comme facultatives, les utilisateurs peuvent librement choisir de les communiquer ou non, sans aucune cons\u00e9quence sur la disponibilit\u00e9 du service ou son fonctionnement.  Les utilisateurs qui ont des doutes sur les donn\u00e9es obligatoires peuvent contacter le responsable.  Toute utilisation de cookies, ou d\u2019autres outils de suivi, par ce site Internet ou par les responsables de services tiers utilis\u00e9s par le site www.resortanticoverbano.com\/, sauf indication contraire, vise \u00e0 fournir le service demand\u00e9 par l\u2019utilisateur, en plus des objectifs d\u00e9crits dans le pr\u00e9sent document et dans la politique relative aux cookies, le cas \u00e9ch\u00e9ant.  L\u2019utilisateur assume la responsabilit\u00e9 des donn\u00e9es personnelles de tiers obtenues, publi\u00e9es ou partag\u00e9es \u00e0 travers ce site Internet et garantit d\u2019avoir le droit de les communiquer ou de les diffuser, en d\u00e9gageant le responsable de toute responsabilit\u00e9 envers des tiers. Modalit\u00e9s et lieu de traitement des donn\u00e9es collect\u00e9es Le responsable du traitement des donn\u00e9es prend toutes les mesures de s\u00e9curit\u00e9 appropri\u00e9es pour emp\u00eacher l\u2019acc\u00e8s aux donn\u00e9es personnelles, leur divulgation, leur modification et leur destruction non autoris\u00e9es.  Le traitement est effectu\u00e9 au moyen d\u2019outils informatiques et\/ou t\u00e9l\u00e9matiques, avec des modalit\u00e9s organisationnelles et des logiques strictement li\u00e9es aux objectifs indiqu\u00e9s.  En plus du responsable, dans certains cas, d\u2019autres personnes impliqu\u00e9es dans l\u2019organisation de l\u2019entreprise telles que\u00a0: les collaborateurs, le personnel administratif et commercial, le service marketing, les avocats, les administrateurs syst\u00e8me, les fournisseurs de services techniques tiers, les services postaux, les fournisseurs d\u2019h\u00e9bergement, les soci\u00e9t\u00e9s informatiques et les agences de communication peuvent avoir acc\u00e8s aux donn\u00e9es.  Les donn\u00e9es sont trait\u00e9es aux si\u00e8ges op\u00e9rationnels du responsable et dans tout autre lieu o\u00f9 les parties impliqu\u00e9es sont situ\u00e9es.  Nous pouvons stocker des informations, y compris des informations personnelles, localement sur l\u2019appareil de l\u2019utilisateur, en utilisant des cookies et\/ou d\u2019autres m\u00e9thodes de stockage d\u2019applications et de navigateurs.  Les donn\u00e9es personnelles de l\u2019utilisateur peuvent \u00eatre transf\u00e9r\u00e9es dans un pays diff\u00e9rent de celui dans lequel l\u2019utilisateur se trouve.  L\u2019utilisateur a le droit d\u2019obtenir des informations sur la base juridique du transfert de donn\u00e9es en dehors de l\u2019Union europ\u00e9enne et sur les mesures de s\u00e9curit\u00e9 adopt\u00e9es par le responsable pour prot\u00e9ger les donn\u00e9es.  Si l\u2019un des transferts d\u00e9crits ci-dessus a lieu, l\u2019utilisateur peut se r\u00e9f\u00e9rer aux sections respectives de ce document ou demander des informations au responsable en le contactant aux coordonn\u00e9es indiqu\u00e9es au d\u00e9but. Responsables du traitement des donn\u00e9es par le responsable La liste mise \u00e0 jour des responsables du traitement des donn\u00e9es de l\u2019utilisateur peut toujours \u00eatre demand\u00e9e par \u00e9crit au responsable du traitement. Base juridique du traitement des donn\u00e9es de l\u2019utilisateur Le responsable traite les donn\u00e9es de l\u2019utilisateur conform\u00e9ment aux pr\u00e9sentes conditions\u00a0:   l\u2019utilisateur a donn\u00e9 son consentement pour une ou plusieurs finalit\u00e9s sp\u00e9cifiques ;  le traitement des donn\u00e9es est n\u00e9cessaire \u00e0 la conclusion d\u2019un contrat avec l\u2019utilisateur et\/ou \u00e0 l\u2019ex\u00e9cution de mesures pr\u00e9contractuelles ;  le traitement est n\u00e9cessaire au respect d\u2019une obligation l\u00e9gale \u00e0 laquelle le responsable est soumis ;  le traitement est n\u00e9cessaire \u00e0 l\u2019ex\u00e9cution d\u2019une t\u00e2che d\u2019int\u00e9r\u00eat public ou \u00e0 l\u2019exercice de l\u2019autorit\u00e9 publique dont le responsable du traitement pourrait \u00eatre investi ;  le traitement est n\u00e9cessaire pour la poursuite de l\u2019int\u00e9r\u00eat l\u00e9gitime du responsable\u00a0; il est toujours possible de demander au responsable de sp\u00e9cifier le traitement s\u2019il est bas\u00e9 sur la loi, pr\u00e9vu par un contrat ou n\u00e9cessaire pour conclure un contrat\u00a0;  Les donn\u00e9es de l\u2019utilisateur sont collect\u00e9es pour permettre au responsable de fournir ses services, ainsi que pour les objectifs suivants\u00a0: contacter l\u2019utilisateur, interaction avec les r\u00e9seaux sociaux et les plateformes externes, statistiques et affichage du contenu \u00e0 partir de plateformes externes. Pour plus d\u2019informations, veuillez lire les politiques de confidentialit\u00e9 de chaque site tiers.  P\u00e9riode de conservation des donn\u00e9es Les donn\u00e9es sont trait\u00e9es et conserv\u00e9es pendant la dur\u00e9e requise par les finalit\u00e9s pour lesquelles elles ont \u00e9t\u00e9 collect\u00e9es.  Par cons\u00e9quent\u00a0:   les donn\u00e9es personnelles collect\u00e9es \u00e0 des fins li\u00e9es \u00e0 l\u2019ex\u00e9cution d\u2019un contrat entre le responsable et l\u2019utilisateur seront conserv\u00e9es jusqu\u2019\u00e0 l\u2019ex\u00e9cution compl\u00e8te du contrat ;  les donn\u00e9es personnelles collect\u00e9es \u00e0 des fins li\u00e9es \u00e0 l\u2019int\u00e9r\u00eat du responsable seront conserv\u00e9es jusqu\u2019\u00e0 la satisfaction de cet int\u00e9r\u00eat","og_url":"https:\/\/www.resortanticoverbano.com\/fr\/privacy-policy\/","og_site_name":"Resort Antico Verbano","article_modified_time":"2024-01-18T15:22:27+00:00","twitter_card":"summary_large_image","twitter_misc":{"Dur\u00e9e de lecture estim\u00e9e":"6 minutes"},"schema":{"@context":"https:\/\/schema.org","@graph":[{"@type":"WebPage","@id":"https:\/\/www.resortanticoverbano.com\/fr\/privacy-policy\/","url":"https:\/\/www.resortanticoverbano.com\/fr\/privacy-policy\/","name":"Privacy Policy - Resort Antico Verbano","isPartOf":{"@id":"https:\/\/www.resortanticoverbano.com\/fr\/#website"},"datePublished":"2023-10-17T12:56:47+00:00","dateModified":"2024-01-18T15:22:27+00:00","description":"Conform\u00e9ment au r\u00e8glement europ\u00e9en\u00a02016\/679 RGPD www.resortanticoverbano.com Ce site Internet collecte les donn\u00e9es personnelles de ses utilisateurs. Le responsable du traitement des donn\u00e9es\u00a0: &nbsp; TYPES DE DONN\u00c9ES COLLECT\u00c9ES Si\u00e8ge op\u00e9rationnel Hotel Resort Antico Verbano \u2013 via Sempione, 60\/62 piazza G.Marconi, 28046 MEINA (NO) Si\u00e8ge social \u2022 Residence Srl \u2013 viale Bezzi, 73 20146 Milan (MI) Parmi les donn\u00e9es personnelles collect\u00e9es par le site www.resortanticoverbano.com\/, de mani\u00e8re autonome ou par l\u2019interm\u00e9diaire de tiers, il y a\u00a0: le pr\u00e9nom, le nom, l\u2019adresse e-mail, le num\u00e9ro de t\u00e9l\u00e9phone, les donn\u00e9es d\u2019utilisation, les donn\u00e9es de base, les donn\u00e9es d\u2019identit\u00e9 et les cookies. La pr\u00e9sente politique ou les textes d\u2019information affich\u00e9s avant la collecte des donn\u00e9es pr\u00e9cisent le type de donn\u00e9es collect\u00e9es. Les donn\u00e9es personnelles peuvent \u00eatre librement fournies par l\u2019utilisateur ou, dans le cas des donn\u00e9es d\u2019utilisation, collect\u00e9es automatiquement. Sauf indication contraire, toutes les donn\u00e9es demand\u00e9es par le site www.resortanticoverbano.com\/ sont obligatoires. Si l\u2019utilisateur refuse de les communiquer, il peut \u00eatre impossible de fournir le service pour lequel elles sont saisies. Dans les cas o\u00f9 les donn\u00e9es demand\u00e9es sont indiqu\u00e9es comme facultatives, les utilisateurs peuvent librement choisir de les communiquer ou non, sans aucune cons\u00e9quence sur la disponibilit\u00e9 du service ou son fonctionnement. Les utilisateurs qui ont des doutes sur les donn\u00e9es obligatoires peuvent contacter le responsable. Toute utilisation de cookies, ou d\u2019autres outils de suivi, par ce site Internet ou par les responsables de services tiers utilis\u00e9s par le site www.resortanticoverbano.com\/, sauf indication contraire, vise \u00e0 fournir le service demand\u00e9 par l\u2019utilisateur, en plus des objectifs d\u00e9crits dans le pr\u00e9sent document et dans la politique relative aux cookies, le cas \u00e9ch\u00e9ant. L\u2019utilisateur assume la responsabilit\u00e9 des donn\u00e9es personnelles de tiers obtenues, publi\u00e9es ou partag\u00e9es \u00e0 travers ce site Internet et garantit d\u2019avoir le droit de les communiquer ou de les diffuser, en d\u00e9gageant le responsable de toute responsabilit\u00e9 envers des tiers. Modalit\u00e9s et lieu de traitement des donn\u00e9es collect\u00e9es Le responsable du traitement des donn\u00e9es prend toutes les mesures de s\u00e9curit\u00e9 appropri\u00e9es pour emp\u00eacher l\u2019acc\u00e8s aux donn\u00e9es personnelles, leur divulgation, leur modification et leur destruction non autoris\u00e9es. Le traitement est effectu\u00e9 au moyen d\u2019outils informatiques et\/ou t\u00e9l\u00e9matiques, avec des modalit\u00e9s organisationnelles et des logiques strictement li\u00e9es aux objectifs indiqu\u00e9s. En plus du responsable, dans certains cas, d\u2019autres personnes impliqu\u00e9es dans l\u2019organisation de l\u2019entreprise telles que\u00a0: les collaborateurs, le personnel administratif et commercial, le service marketing, les avocats, les administrateurs syst\u00e8me, les fournisseurs de services techniques tiers, les services postaux, les fournisseurs d\u2019h\u00e9bergement, les soci\u00e9t\u00e9s informatiques et les agences de communication peuvent avoir acc\u00e8s aux donn\u00e9es. Les donn\u00e9es sont trait\u00e9es aux si\u00e8ges op\u00e9rationnels du responsable et dans tout autre lieu o\u00f9 les parties impliqu\u00e9es sont situ\u00e9es. Nous pouvons stocker des informations, y compris des informations personnelles, localement sur l\u2019appareil de l\u2019utilisateur, en utilisant des cookies et\/ou d\u2019autres m\u00e9thodes de stockage d\u2019applications et de navigateurs. Les donn\u00e9es personnelles de l\u2019utilisateur peuvent \u00eatre transf\u00e9r\u00e9es dans un pays diff\u00e9rent de celui dans lequel l\u2019utilisateur se trouve. L\u2019utilisateur a le droit d\u2019obtenir des informations sur la base juridique du transfert de donn\u00e9es en dehors de l\u2019Union europ\u00e9enne et sur les mesures de s\u00e9curit\u00e9 adopt\u00e9es par le responsable pour prot\u00e9ger les donn\u00e9es. Si l\u2019un des transferts d\u00e9crits ci-dessus a lieu, l\u2019utilisateur peut se r\u00e9f\u00e9rer aux sections respectives de ce document ou demander des informations au responsable en le contactant aux coordonn\u00e9es indiqu\u00e9es au d\u00e9but. Responsables du traitement des donn\u00e9es par le responsable La liste mise \u00e0 jour des responsables du traitement des donn\u00e9es de l\u2019utilisateur peut toujours \u00eatre demand\u00e9e par \u00e9crit au responsable du traitement. Base juridique du traitement des donn\u00e9es de l\u2019utilisateur Le responsable traite les donn\u00e9es de l\u2019utilisateur conform\u00e9ment aux pr\u00e9sentes conditions\u00a0: \u2022 l\u2019utilisateur a donn\u00e9 son consentement pour une ou plusieurs finalit\u00e9s sp\u00e9cifiques ; \u2022 le traitement des donn\u00e9es est n\u00e9cessaire \u00e0 la conclusion d\u2019un contrat avec l\u2019utilisateur et\/ou \u00e0 l\u2019ex\u00e9cution de mesures pr\u00e9contractuelles ; \u2022 le traitement est n\u00e9cessaire au respect d\u2019une obligation l\u00e9gale \u00e0 laquelle le responsable est soumis ; \u2022 le traitement est n\u00e9cessaire \u00e0 l\u2019ex\u00e9cution d\u2019une t\u00e2che d\u2019int\u00e9r\u00eat public ou \u00e0 l\u2019exercice de l\u2019autorit\u00e9 publique dont le responsable du traitement pourrait \u00eatre investi ; \u2022 le traitement est n\u00e9cessaire pour la poursuite de l\u2019int\u00e9r\u00eat l\u00e9gitime du responsable\u00a0; il est toujours possible de demander au responsable de sp\u00e9cifier le traitement s\u2019il est bas\u00e9 sur la loi, pr\u00e9vu par un contrat ou n\u00e9cessaire pour conclure un contrat\u00a0; \u2022 Les donn\u00e9es de l\u2019utilisateur sont collect\u00e9es pour permettre au responsable de fournir ses services, ainsi que pour les objectifs suivants\u00a0: contacter l\u2019utilisateur, interaction avec les r\u00e9seaux sociaux et les plateformes externes, statistiques et affichage du contenu \u00e0 partir de plateformes externes. Pour plus d\u2019informations, veuillez lire les politiques de confidentialit\u00e9 de chaque site tiers. P\u00e9riode de conservation des donn\u00e9es Les donn\u00e9es sont trait\u00e9es et conserv\u00e9es pendant la dur\u00e9e requise par les finalit\u00e9s pour lesquelles elles ont \u00e9t\u00e9 collect\u00e9es. Par cons\u00e9quent\u00a0: \u2022 les donn\u00e9es personnelles collect\u00e9es \u00e0 des fins li\u00e9es \u00e0 l\u2019ex\u00e9cution d\u2019un contrat entre le responsable et l\u2019utilisateur seront conserv\u00e9es jusqu\u2019\u00e0 l\u2019ex\u00e9cution compl\u00e8te du contrat ; \u2022 les donn\u00e9es personnelles collect\u00e9es \u00e0 des fins li\u00e9es \u00e0 l\u2019int\u00e9r\u00eat du responsable seront conserv\u00e9es jusqu\u2019\u00e0 la satisfaction de cet int\u00e9r\u00eat","breadcrumb":{"@id":"https:\/\/www.resortanticoverbano.com\/fr\/privacy-policy\/#breadcrumb"},"inLanguage":"fr-FR","potentialAction":[{"@type":"ReadAction","target":["https:\/\/www.resortanticoverbano.com\/fr\/privacy-policy\/"]}]},{"@type":"BreadcrumbList","@id":"https:\/\/www.resortanticoverbano.com\/fr\/privacy-policy\/#breadcrumb","itemListElement":[{"@type":"ListItem","position":1,"name":"Home","item":"https:\/\/www.resortanticoverbano.com\/fr\/"},{"@type":"ListItem","position":2,"name":"Privacy Policy"}]},{"@type":"WebSite","@id":"https:\/\/www.resortanticoverbano.com\/fr\/#website","url":"https:\/\/www.resortanticoverbano.com\/fr\/","name":"Resort Antico Verbano","description":"","publisher":{"@id":"https:\/\/www.resortanticoverbano.com\/fr\/#organization"},"potentialAction":[{"@type":"SearchAction","target":{"@type":"EntryPoint","urlTemplate":"https:\/\/www.resortanticoverbano.com\/fr\/?s={search_term_string}"},"query-input":{"@type":"PropertyValueSpecification","valueRequired":true,"valueName":"search_term_string"}}],"inLanguage":"fr-FR"},{"@type":"Organization","@id":"https:\/\/www.resortanticoverbano.com\/fr\/#organization","name":"Resort Antico Verbano","url":"https:\/\/www.resortanticoverbano.com\/fr\/","logo":{"@type":"ImageObject","inLanguage":"fr-FR","@id":"https:\/\/www.resortanticoverbano.com\/fr\/#\/schema\/logo\/image\/","url":"https:\/\/www.resortanticoverbano.com\/wp-content\/uploads\/sites\/66\/2023\/09\/Logo-Antico-Verbano-2023.png","contentUrl":"https:\/\/www.resortanticoverbano.com\/wp-content\/uploads\/sites\/66\/2023\/09\/Logo-Antico-Verbano-2023.png","width":500,"height":132,"caption":"Resort Antico Verbano"},"image":{"@id":"https:\/\/www.resortanticoverbano.com\/fr\/#\/schema\/logo\/image\/"},"sameAs":["https:\/\/www.instagram.com\/h.residence_anticoverbano\/"]}]}},"acf":[],"_links":{"self":[{"href":"https:\/\/www.resortanticoverbano.com\/fr\/wp-json\/wp\/v2\/pages\/1455","targetHints":{"allow":["GET"]}}],"collection":[{"href":"https:\/\/www.resortanticoverbano.com\/fr\/wp-json\/wp\/v2\/pages"}],"about":[{"href":"https:\/\/www.resortanticoverbano.com\/fr\/wp-json\/wp\/v2\/types\/page"}],"author":[{"embeddable":true,"href":"https:\/\/www.resortanticoverbano.com\/fr\/wp-json\/wp\/v2\/users\/12"}],"replies":[{"embeddable":true,"href":"https:\/\/www.resortanticoverbano.com\/fr\/wp-json\/wp\/v2\/comments?post=1455"}],"version-history":[{"count":0,"href":"https:\/\/www.resortanticoverbano.com\/fr\/wp-json\/wp\/v2\/pages\/1455\/revisions"}],"wp:attachment":[{"href":"https:\/\/www.resortanticoverbano.com\/fr\/wp-json\/wp\/v2\/media?parent=1455"}],"curies":[{"name":"wp","href":"https:\/\/api.w.org\/{rel}","templated":true}]}}