{"id":1536,"date":"2023-10-17T09:00:07","date_gmt":"2023-10-17T09:00:07","guid":{"rendered":"https:\/\/www.resortanticoverbano.com\/les-appartements\/monolocale-superior-con-patio-o-terrazza\/"},"modified":"2025-05-05T09:08:11","modified_gmt":"2025-05-05T09:08:11","slug":"studio-superieur-avec-espace-exterieur-reserve","status":"publish","type":"page","link":"https:\/\/www.resortanticoverbano.com\/fr\/les-appartements\/studio-superieur-avec-espace-exterieur-reserve\/","title":{"rendered":"Studio Sup\u00e9rieur"},"content":{"rendered":"<p>Appartement d\u2019environ <strong>25\u00a0m\u00e8tres carr\u00e9s<\/strong> pour<strong> 2\u00a0personnes<\/strong>, situ\u00e9 au rez-de-chauss\u00e9e avec environ 10\u00a0m\u00e8tres carr\u00e9s de patio priv\u00e9 ou au premier \u00e9tage avec terrasse.<\/p>\n<p>Compos\u00e9 d\u2019une chambre double et d\u2019une cuisine ext\u00e9rieure \u00e0 la chambre.<\/p>\n<p>Tous les appartements, de par leur structure, leur mobilier et leur emplacement, diff\u00e8rent les uns des autres, rendant chacun d\u2019eux exclusif.<\/p>\n<p>&nbsp;<\/p>\n","protected":false},"excerpt":{"rendered":"<p>Appartement d\u2019environ 25\u00a0m\u00e8tres carr\u00e9s pour 2\u00a0personnes, situ\u00e9 au rez-de-chauss\u00e9e avec environ 10\u00a0m\u00e8tres carr\u00e9s de patio priv\u00e9 ou au premier \u00e9tage avec terrasse. Compos\u00e9 d\u2019une chambre double et d\u2019une cuisine ext\u00e9rieure \u00e0 la chambre. Tous les appartements, de par leur structure, leur mobilier et leur emplacement, diff\u00e8rent les uns des autres, rendant chacun d\u2019eux exclusif. &nbsp;<\/p>\n","protected":false},"author":12,"featured_media":0,"parent":1408,"menu_order":9,"comment_status":"closed","ping_status":"closed","template":"template-single-room.php","meta":{"footnotes":""},"yoast_head":"<!-- This site is optimized with the Yoast SEO plugin v22.3 - https:\/\/yoast.com\/wordpress\/plugins\/seo\/ -->\n<title>Studio Sup\u00e9rieur - Resort Antico Verbano<\/title>\n<meta name=\"description\" content=\"Studio Sup\u00e9rieur - Resort Antico Verbano\" \/>\n<meta name=\"robots\" content=\"index, follow, max-snippet:-1, max-video-preview:-1, noimageindex\" \/>\n<link rel=\"canonical\" href=\"https:\/\/www.resortanticoverbano.com\/fr\/les-appartements\/studio-superieur-avec-espace-exterieur-reserve\/\" \/>\n<meta property=\"og:locale\" content=\"fr_FR\" \/>\n<meta property=\"og:type\" content=\"article\" \/>\n<meta property=\"og:title\" content=\"Studio Sup\u00e9rieur - Resort Antico Verbano\" \/>\n<meta property=\"og:description\" content=\"Studio Sup\u00e9rieur - Resort Antico Verbano\" \/>\n<meta property=\"og:url\" content=\"https:\/\/www.resortanticoverbano.com\/fr\/les-appartements\/studio-superieur-avec-espace-exterieur-reserve\/\" \/>\n<meta property=\"og:site_name\" content=\"Resort Antico Verbano\" \/>\n<meta property=\"article:modified_time\" content=\"2025-05-05T09:08:11+00:00\" \/>\n<meta name=\"twitter:card\" content=\"summary_large_image\" \/>\n<meta name=\"twitter:label1\" content=\"Dur\u00e9e de lecture estim\u00e9e\" \/>\n\t<meta name=\"twitter:data1\" content=\"1 minute\" \/>\n<script type=\"application\/ld+json\" class=\"yoast-schema-graph\">{\"@context\":\"https:\/\/schema.org\",\"@graph\":[{\"@type\":\"WebPage\",\"@id\":\"https:\/\/www.resortanticoverbano.com\/fr\/les-appartements\/studio-superieur-avec-espace-exterieur-reserve\/\",\"url\":\"https:\/\/www.resortanticoverbano.com\/fr\/les-appartements\/studio-superieur-avec-espace-exterieur-reserve\/\",\"name\":\"Studio Sup\u00e9rieur - Resort Antico Verbano\",\"isPartOf\":{\"@id\":\"https:\/\/www.resortanticoverbano.com\/fr\/#website\"},\"datePublished\":\"2023-10-17T09:00:07+00:00\",\"dateModified\":\"2025-05-05T09:08:11+00:00\",\"description\":\"Studio Sup\u00e9rieur - Resort Antico Verbano\",\"breadcrumb\":{\"@id\":\"https:\/\/www.resortanticoverbano.com\/fr\/les-appartements\/studio-superieur-avec-espace-exterieur-reserve\/#breadcrumb\"},\"inLanguage\":\"fr-FR\",\"potentialAction\":[{\"@type\":\"ReadAction\",\"target\":[\"https:\/\/www.resortanticoverbano.com\/fr\/les-appartements\/studio-superieur-avec-espace-exterieur-reserve\/\"]}]},{\"@type\":\"BreadcrumbList\",\"@id\":\"https:\/\/www.resortanticoverbano.com\/fr\/les-appartements\/studio-superieur-avec-espace-exterieur-reserve\/#breadcrumb\",\"itemListElement\":[{\"@type\":\"ListItem\",\"position\":1,\"name\":\"Home\",\"item\":\"https:\/\/www.resortanticoverbano.com\/fr\/\"},{\"@type\":\"ListItem\",\"position\":2,\"name\":\"Les appartements\",\"item\":\"https:\/\/www.resortanticoverbano.com\/fr\/les-appartements\/\"},{\"@type\":\"ListItem\",\"position\":3,\"name\":\"Studio Sup\u00e9rieur\"}]},{\"@type\":\"WebSite\",\"@id\":\"https:\/\/www.resortanticoverbano.com\/fr\/#website\",\"url\":\"https:\/\/www.resortanticoverbano.com\/fr\/\",\"name\":\"Resort Antico Verbano\",\"description\":\"\",\"publisher\":{\"@id\":\"https:\/\/www.resortanticoverbano.com\/fr\/#organization\"},\"potentialAction\":[{\"@type\":\"SearchAction\",\"target\":{\"@type\":\"EntryPoint\",\"urlTemplate\":\"https:\/\/www.resortanticoverbano.com\/fr\/?s={search_term_string}\"},\"query-input\":\"required name=search_term_string\"}],\"inLanguage\":\"fr-FR\"},{\"@type\":\"Organization\",\"@id\":\"https:\/\/www.resortanticoverbano.com\/fr\/#organization\",\"name\":\"Resort Antico Verbano\",\"url\":\"https:\/\/www.resortanticoverbano.com\/fr\/\",\"logo\":{\"@type\":\"ImageObject\",\"inLanguage\":\"fr-FR\",\"@id\":\"https:\/\/www.resortanticoverbano.com\/fr\/#\/schema\/logo\/image\/\",\"url\":\"https:\/\/www.resortanticoverbano.com\/wp-content\/uploads\/sites\/66\/2023\/09\/Logo-Antico-Verbano-2023.png\",\"contentUrl\":\"https:\/\/www.resortanticoverbano.com\/wp-content\/uploads\/sites\/66\/2023\/09\/Logo-Antico-Verbano-2023.png\",\"width\":500,\"height\":132,\"caption\":\"Resort Antico Verbano\"},\"image\":{\"@id\":\"https:\/\/www.resortanticoverbano.com\/fr\/#\/schema\/logo\/image\/\"},\"sameAs\":[\"https:\/\/www.instagram.com\/h.residence_anticoverbano\/\"]}]}<\/script>\n<!-- \/ Yoast SEO plugin. -->","yoast_head_json":{"title":"Studio Sup\u00e9rieur - Resort Antico Verbano","description":"Studio Sup\u00e9rieur - Resort Antico Verbano","robots":{"index":"index","follow":"follow","max-snippet":"max-snippet:-1","max-video-preview":"max-video-preview:-1","imageindex":"noimageindex"},"canonical":"https:\/\/www.resortanticoverbano.com\/fr\/les-appartements\/studio-superieur-avec-espace-exterieur-reserve\/","og_locale":"fr_FR","og_type":"article","og_title":"Studio Sup\u00e9rieur - Resort Antico Verbano","og_description":"Studio Sup\u00e9rieur - Resort Antico Verbano","og_url":"https:\/\/www.resortanticoverbano.com\/fr\/les-appartements\/studio-superieur-avec-espace-exterieur-reserve\/","og_site_name":"Resort Antico Verbano","article_modified_time":"2025-05-05T09:08:11+00:00","twitter_card":"summary_large_image","twitter_misc":{"Dur\u00e9e de lecture estim\u00e9e":"1 minute"},"schema":{"@context":"https:\/\/schema.org","@graph":[{"@type":"WebPage","@id":"https:\/\/www.resortanticoverbano.com\/fr\/les-appartements\/studio-superieur-avec-espace-exterieur-reserve\/","url":"https:\/\/www.resortanticoverbano.com\/fr\/les-appartements\/studio-superieur-avec-espace-exterieur-reserve\/","name":"Studio Sup\u00e9rieur - Resort Antico Verbano","isPartOf":{"@id":"https:\/\/www.resortanticoverbano.com\/fr\/#website"},"datePublished":"2023-10-17T09:00:07+00:00","dateModified":"2025-05-05T09:08:11+00:00","description":"Studio Sup\u00e9rieur - Resort Antico Verbano","breadcrumb":{"@id":"https:\/\/www.resortanticoverbano.com\/fr\/les-appartements\/studio-superieur-avec-espace-exterieur-reserve\/#breadcrumb"},"inLanguage":"fr-FR","potentialAction":[{"@type":"ReadAction","target":["https:\/\/www.resortanticoverbano.com\/fr\/les-appartements\/studio-superieur-avec-espace-exterieur-reserve\/"]}]},{"@type":"BreadcrumbList","@id":"https:\/\/www.resortanticoverbano.com\/fr\/les-appartements\/studio-superieur-avec-espace-exterieur-reserve\/#breadcrumb","itemListElement":[{"@type":"ListItem","position":1,"name":"Home","item":"https:\/\/www.resortanticoverbano.com\/fr\/"},{"@type":"ListItem","position":2,"name":"Les appartements","item":"https:\/\/www.resortanticoverbano.com\/fr\/les-appartements\/"},{"@type":"ListItem","position":3,"name":"Studio Sup\u00e9rieur"}]},{"@type":"WebSite","@id":"https:\/\/www.resortanticoverbano.com\/fr\/#website","url":"https:\/\/www.resortanticoverbano.com\/fr\/","name":"Resort Antico Verbano","description":"","publisher":{"@id":"https:\/\/www.resortanticoverbano.com\/fr\/#organization"},"potentialAction":[{"@type":"SearchAction","target":{"@type":"EntryPoint","urlTemplate":"https:\/\/www.resortanticoverbano.com\/fr\/?s={search_term_string}"},"query-input":"required name=search_term_string"}],"inLanguage":"fr-FR"},{"@type":"Organization","@id":"https:\/\/www.resortanticoverbano.com\/fr\/#organization","name":"Resort Antico Verbano","url":"https:\/\/www.resortanticoverbano.com\/fr\/","logo":{"@type":"ImageObject","inLanguage":"fr-FR","@id":"https:\/\/www.resortanticoverbano.com\/fr\/#\/schema\/logo\/image\/","url":"https:\/\/www.resortanticoverbano.com\/wp-content\/uploads\/sites\/66\/2023\/09\/Logo-Antico-Verbano-2023.png","contentUrl":"https:\/\/www.resortanticoverbano.com\/wp-content\/uploads\/sites\/66\/2023\/09\/Logo-Antico-Verbano-2023.png","width":500,"height":132,"caption":"Resort Antico Verbano"},"image":{"@id":"https:\/\/www.resortanticoverbano.com\/fr\/#\/schema\/logo\/image\/"},"sameAs":["https:\/\/www.instagram.com\/h.residence_anticoverbano\/"]}]}},"acf":[],"_links":{"self":[{"href":"https:\/\/www.resortanticoverbano.com\/fr\/wp-json\/wp\/v2\/pages\/1536"}],"collection":[{"href":"https:\/\/www.resortanticoverbano.com\/fr\/wp-json\/wp\/v2\/pages"}],"about":[{"href":"https:\/\/www.resortanticoverbano.com\/fr\/wp-json\/wp\/v2\/types\/page"}],"author":[{"embeddable":true,"href":"https:\/\/www.resortanticoverbano.com\/fr\/wp-json\/wp\/v2\/users\/12"}],"replies":[{"embeddable":true,"href":"https:\/\/www.resortanticoverbano.com\/fr\/wp-json\/wp\/v2\/comments?post=1536"}],"version-history":[{"count":0,"href":"https:\/\/www.resortanticoverbano.com\/fr\/wp-json\/wp\/v2\/pages\/1536\/revisions"}],"up":[{"embeddable":true,"href":"https:\/\/www.resortanticoverbano.com\/fr\/wp-json\/wp\/v2\/pages\/1408"}],"wp:attachment":[{"href":"https:\/\/www.resortanticoverbano.com\/fr\/wp-json\/wp\/v2\/media?parent=1536"}],"curies":[{"name":"wp","href":"https:\/\/api.w.org\/{rel}","templated":true}]}}