{"id":1566,"date":"2023-10-17T14:02:33","date_gmt":"2023-10-17T14:02:33","guid":{"rendered":"https:\/\/www.resortanticoverbano.com\/les-appartements\/appartamento-con-1-camera-da-letto-e-vista-lago\/"},"modified":"2024-01-20T11:00:52","modified_gmt":"2024-01-20T11:00:52","slug":"appartement-1-chambre-avec-vue-sur-le-lac","status":"publish","type":"page","link":"https:\/\/www.resortanticoverbano.com\/fr\/les-appartements\/appartement-1-chambre-avec-vue-sur-le-lac\/","title":{"rendered":"Appartement 1\u00a0chambre avec vue sur le lac"},"content":{"rendered":"<p>Appartement d\u2019environ <strong>37\u00a0m\u00e8tres carr\u00e9s<\/strong> pour <strong>4\u00a0personnes<\/strong>, situ\u00e9 aux \u00e9tages sup\u00e9rieurs et d\u00e9velopp\u00e9 \u00e0 l\u2019int\u00e9rieur sur un ou deux niveaux, \u00e9quip\u00e9 d\u2019un balcon d\u2019o\u00f9 vous pourrez profiter de la vue sur le lac.<\/p>\n<p>Compos\u00e9 d\u2019une chambre double et d\u2019un salon avec canap\u00e9-lit double.<\/p>\n<p>Tous les appartements, de par leur structure, leur mobilier et leur emplacement, diff\u00e8rent les uns des autres, rendant chacun d\u2019eux exclusif.<\/p>\n","protected":false},"excerpt":{"rendered":"<p>Appartement d\u2019environ 37\u00a0m\u00e8tres carr\u00e9s pour 4\u00a0personnes, situ\u00e9 aux \u00e9tages sup\u00e9rieurs et d\u00e9velopp\u00e9 \u00e0 l\u2019int\u00e9rieur sur un ou deux niveaux, \u00e9quip\u00e9 d\u2019un balcon d\u2019o\u00f9 vous pourrez profiter de la vue sur le lac. Compos\u00e9 d\u2019une chambre double et d\u2019un salon avec canap\u00e9-lit double. Tous les appartements, de par leur structure, leur mobilier et leur emplacement, diff\u00e8rent [&hellip;]<\/p>\n","protected":false},"author":12,"featured_media":0,"parent":1408,"menu_order":17,"comment_status":"closed","ping_status":"closed","template":"template-single-room.php","meta":{"footnotes":""},"class_list":["post-1566","page","type-page","status-publish","hentry"],"yoast_head":"<!-- This site is optimized with the Yoast SEO plugin v27.3 - https:\/\/yoast.com\/product\/yoast-seo-wordpress\/ -->\n<title>Appartement 1\u00a0chambre avec vue sur le lac - Resort Antico Verbano<\/title>\n<meta name=\"description\" content=\"Appartement d\u2019environ 37\u00a0m\u00e8tres carr\u00e9s pour 4\u00a0personnes, situ\u00e9 aux \u00e9tages sup\u00e9rieurs et d\u00e9velopp\u00e9 \u00e0 l\u2019int\u00e9rieur sur un ou deux niveaux, \u00e9quip\u00e9 d\u2019un balcon d\u2019o\u00f9 vous pourrez profiter de la vue sur le lac.  Compos\u00e9 d\u2019une chambre double et d\u2019un salon avec canap\u00e9-lit double.  Tous les appartements, de par leur structure, leur mobilier et leur emplacement, diff\u00e8rent les uns des autres, rendant chacun d\u2019eux exclusif..\" \/>\n<meta name=\"robots\" content=\"index, follow, max-snippet:-1, max-image-preview:large, max-video-preview:-1\" \/>\n<link rel=\"canonical\" href=\"https:\/\/www.resortanticoverbano.com\/fr\/les-appartements\/appartement-1-chambre-avec-vue-sur-le-lac\/\" \/>\n<meta property=\"og:locale\" content=\"fr_FR\" \/>\n<meta property=\"og:type\" content=\"article\" \/>\n<meta property=\"og:title\" content=\"Appartement 1\u00a0chambre avec vue sur le lac - Resort Antico Verbano\" \/>\n<meta property=\"og:description\" content=\"Appartement d\u2019environ 37\u00a0m\u00e8tres carr\u00e9s pour 4\u00a0personnes, situ\u00e9 aux \u00e9tages sup\u00e9rieurs et d\u00e9velopp\u00e9 \u00e0 l\u2019int\u00e9rieur sur un ou deux niveaux, \u00e9quip\u00e9 d\u2019un balcon d\u2019o\u00f9 vous pourrez profiter de la vue sur le lac.  Compos\u00e9 d\u2019une chambre double et d\u2019un salon avec canap\u00e9-lit double.  Tous les appartements, de par leur structure, leur mobilier et leur emplacement, diff\u00e8rent les uns des autres, rendant chacun d\u2019eux exclusif..\" \/>\n<meta property=\"og:url\" content=\"https:\/\/www.resortanticoverbano.com\/fr\/les-appartements\/appartement-1-chambre-avec-vue-sur-le-lac\/\" \/>\n<meta property=\"og:site_name\" content=\"Resort Antico Verbano\" \/>\n<meta property=\"article:modified_time\" content=\"2024-01-20T11:00:52+00:00\" \/>\n<meta name=\"twitter:card\" content=\"summary_large_image\" \/>\n<script type=\"application\/ld+json\" class=\"yoast-schema-graph\">{\"@context\":\"https:\\\/\\\/schema.org\",\"@graph\":[{\"@type\":\"WebPage\",\"@id\":\"https:\\\/\\\/www.resortanticoverbano.com\\\/fr\\\/les-appartements\\\/appartement-1-chambre-avec-vue-sur-le-lac\\\/\",\"url\":\"https:\\\/\\\/www.resortanticoverbano.com\\\/fr\\\/les-appartements\\\/appartement-1-chambre-avec-vue-sur-le-lac\\\/\",\"name\":\"Appartement 1\u00a0chambre avec vue sur le lac - Resort Antico Verbano\",\"isPartOf\":{\"@id\":\"https:\\\/\\\/www.resortanticoverbano.com\\\/fr\\\/#website\"},\"datePublished\":\"2023-10-17T14:02:33+00:00\",\"dateModified\":\"2024-01-20T11:00:52+00:00\",\"description\":\"Appartement d\u2019environ 37\u00a0m\u00e8tres carr\u00e9s pour 4\u00a0personnes, situ\u00e9 aux \u00e9tages sup\u00e9rieurs et d\u00e9velopp\u00e9 \u00e0 l\u2019int\u00e9rieur sur un ou deux niveaux, \u00e9quip\u00e9 d\u2019un balcon d\u2019o\u00f9 vous pourrez profiter de la vue sur le lac. Compos\u00e9 d\u2019une chambre double et d\u2019un salon avec canap\u00e9-lit double. Tous les appartements, de par leur structure, leur mobilier et leur emplacement, diff\u00e8rent les uns des autres, rendant chacun d\u2019eux exclusif..\",\"breadcrumb\":{\"@id\":\"https:\\\/\\\/www.resortanticoverbano.com\\\/fr\\\/les-appartements\\\/appartement-1-chambre-avec-vue-sur-le-lac\\\/#breadcrumb\"},\"inLanguage\":\"fr-FR\",\"potentialAction\":[{\"@type\":\"ReadAction\",\"target\":[\"https:\\\/\\\/www.resortanticoverbano.com\\\/fr\\\/les-appartements\\\/appartement-1-chambre-avec-vue-sur-le-lac\\\/\"]}]},{\"@type\":\"BreadcrumbList\",\"@id\":\"https:\\\/\\\/www.resortanticoverbano.com\\\/fr\\\/les-appartements\\\/appartement-1-chambre-avec-vue-sur-le-lac\\\/#breadcrumb\",\"itemListElement\":[{\"@type\":\"ListItem\",\"position\":1,\"name\":\"Home\",\"item\":\"https:\\\/\\\/www.resortanticoverbano.com\\\/fr\\\/\"},{\"@type\":\"ListItem\",\"position\":2,\"name\":\"Les appartements\",\"item\":\"https:\\\/\\\/www.resortanticoverbano.com\\\/fr\\\/les-appartements\\\/\"},{\"@type\":\"ListItem\",\"position\":3,\"name\":\"Appartement 1\u00a0chambre avec vue sur le lac\"}]},{\"@type\":\"WebSite\",\"@id\":\"https:\\\/\\\/www.resortanticoverbano.com\\\/fr\\\/#website\",\"url\":\"https:\\\/\\\/www.resortanticoverbano.com\\\/fr\\\/\",\"name\":\"Resort Antico Verbano\",\"description\":\"\",\"publisher\":{\"@id\":\"https:\\\/\\\/www.resortanticoverbano.com\\\/fr\\\/#organization\"},\"potentialAction\":[{\"@type\":\"SearchAction\",\"target\":{\"@type\":\"EntryPoint\",\"urlTemplate\":\"https:\\\/\\\/www.resortanticoverbano.com\\\/fr\\\/?s={search_term_string}\"},\"query-input\":{\"@type\":\"PropertyValueSpecification\",\"valueRequired\":true,\"valueName\":\"search_term_string\"}}],\"inLanguage\":\"fr-FR\"},{\"@type\":\"Organization\",\"@id\":\"https:\\\/\\\/www.resortanticoverbano.com\\\/fr\\\/#organization\",\"name\":\"Resort Antico Verbano\",\"url\":\"https:\\\/\\\/www.resortanticoverbano.com\\\/fr\\\/\",\"logo\":{\"@type\":\"ImageObject\",\"inLanguage\":\"fr-FR\",\"@id\":\"https:\\\/\\\/www.resortanticoverbano.com\\\/fr\\\/#\\\/schema\\\/logo\\\/image\\\/\",\"url\":\"https:\\\/\\\/www.resortanticoverbano.com\\\/wp-content\\\/uploads\\\/sites\\\/66\\\/2023\\\/09\\\/Logo-Antico-Verbano-2023.png\",\"contentUrl\":\"https:\\\/\\\/www.resortanticoverbano.com\\\/wp-content\\\/uploads\\\/sites\\\/66\\\/2023\\\/09\\\/Logo-Antico-Verbano-2023.png\",\"width\":500,\"height\":132,\"caption\":\"Resort Antico Verbano\"},\"image\":{\"@id\":\"https:\\\/\\\/www.resortanticoverbano.com\\\/fr\\\/#\\\/schema\\\/logo\\\/image\\\/\"},\"sameAs\":[\"https:\\\/\\\/www.instagram.com\\\/h.residence_anticoverbano\\\/\"]}]}<\/script>\n<!-- \/ Yoast SEO plugin. -->","yoast_head_json":{"title":"Appartement 1\u00a0chambre avec vue sur le lac - Resort Antico Verbano","description":"Appartement d\u2019environ 37\u00a0m\u00e8tres carr\u00e9s pour 4\u00a0personnes, situ\u00e9 aux \u00e9tages sup\u00e9rieurs et d\u00e9velopp\u00e9 \u00e0 l\u2019int\u00e9rieur sur un ou deux niveaux, \u00e9quip\u00e9 d\u2019un balcon d\u2019o\u00f9 vous pourrez profiter de la vue sur le lac.  Compos\u00e9 d\u2019une chambre double et d\u2019un salon avec canap\u00e9-lit double.  Tous les appartements, de par leur structure, leur mobilier et leur emplacement, diff\u00e8rent les uns des autres, rendant chacun d\u2019eux exclusif..","robots":{"index":"index","follow":"follow","max-snippet":"max-snippet:-1","max-image-preview":"max-image-preview:large","max-video-preview":"max-video-preview:-1"},"canonical":"https:\/\/www.resortanticoverbano.com\/fr\/les-appartements\/appartement-1-chambre-avec-vue-sur-le-lac\/","og_locale":"fr_FR","og_type":"article","og_title":"Appartement 1\u00a0chambre avec vue sur le lac - Resort Antico Verbano","og_description":"Appartement d\u2019environ 37\u00a0m\u00e8tres carr\u00e9s pour 4\u00a0personnes, situ\u00e9 aux \u00e9tages sup\u00e9rieurs et d\u00e9velopp\u00e9 \u00e0 l\u2019int\u00e9rieur sur un ou deux niveaux, \u00e9quip\u00e9 d\u2019un balcon d\u2019o\u00f9 vous pourrez profiter de la vue sur le lac.  Compos\u00e9 d\u2019une chambre double et d\u2019un salon avec canap\u00e9-lit double.  Tous les appartements, de par leur structure, leur mobilier et leur emplacement, diff\u00e8rent les uns des autres, rendant chacun d\u2019eux exclusif..","og_url":"https:\/\/www.resortanticoverbano.com\/fr\/les-appartements\/appartement-1-chambre-avec-vue-sur-le-lac\/","og_site_name":"Resort Antico Verbano","article_modified_time":"2024-01-20T11:00:52+00:00","twitter_card":"summary_large_image","schema":{"@context":"https:\/\/schema.org","@graph":[{"@type":"WebPage","@id":"https:\/\/www.resortanticoverbano.com\/fr\/les-appartements\/appartement-1-chambre-avec-vue-sur-le-lac\/","url":"https:\/\/www.resortanticoverbano.com\/fr\/les-appartements\/appartement-1-chambre-avec-vue-sur-le-lac\/","name":"Appartement 1\u00a0chambre avec vue sur le lac - Resort Antico Verbano","isPartOf":{"@id":"https:\/\/www.resortanticoverbano.com\/fr\/#website"},"datePublished":"2023-10-17T14:02:33+00:00","dateModified":"2024-01-20T11:00:52+00:00","description":"Appartement d\u2019environ 37\u00a0m\u00e8tres carr\u00e9s pour 4\u00a0personnes, situ\u00e9 aux \u00e9tages sup\u00e9rieurs et d\u00e9velopp\u00e9 \u00e0 l\u2019int\u00e9rieur sur un ou deux niveaux, \u00e9quip\u00e9 d\u2019un balcon d\u2019o\u00f9 vous pourrez profiter de la vue sur le lac. Compos\u00e9 d\u2019une chambre double et d\u2019un salon avec canap\u00e9-lit double. Tous les appartements, de par leur structure, leur mobilier et leur emplacement, diff\u00e8rent les uns des autres, rendant chacun d\u2019eux exclusif..","breadcrumb":{"@id":"https:\/\/www.resortanticoverbano.com\/fr\/les-appartements\/appartement-1-chambre-avec-vue-sur-le-lac\/#breadcrumb"},"inLanguage":"fr-FR","potentialAction":[{"@type":"ReadAction","target":["https:\/\/www.resortanticoverbano.com\/fr\/les-appartements\/appartement-1-chambre-avec-vue-sur-le-lac\/"]}]},{"@type":"BreadcrumbList","@id":"https:\/\/www.resortanticoverbano.com\/fr\/les-appartements\/appartement-1-chambre-avec-vue-sur-le-lac\/#breadcrumb","itemListElement":[{"@type":"ListItem","position":1,"name":"Home","item":"https:\/\/www.resortanticoverbano.com\/fr\/"},{"@type":"ListItem","position":2,"name":"Les appartements","item":"https:\/\/www.resortanticoverbano.com\/fr\/les-appartements\/"},{"@type":"ListItem","position":3,"name":"Appartement 1\u00a0chambre avec vue sur le lac"}]},{"@type":"WebSite","@id":"https:\/\/www.resortanticoverbano.com\/fr\/#website","url":"https:\/\/www.resortanticoverbano.com\/fr\/","name":"Resort Antico Verbano","description":"","publisher":{"@id":"https:\/\/www.resortanticoverbano.com\/fr\/#organization"},"potentialAction":[{"@type":"SearchAction","target":{"@type":"EntryPoint","urlTemplate":"https:\/\/www.resortanticoverbano.com\/fr\/?s={search_term_string}"},"query-input":{"@type":"PropertyValueSpecification","valueRequired":true,"valueName":"search_term_string"}}],"inLanguage":"fr-FR"},{"@type":"Organization","@id":"https:\/\/www.resortanticoverbano.com\/fr\/#organization","name":"Resort Antico Verbano","url":"https:\/\/www.resortanticoverbano.com\/fr\/","logo":{"@type":"ImageObject","inLanguage":"fr-FR","@id":"https:\/\/www.resortanticoverbano.com\/fr\/#\/schema\/logo\/image\/","url":"https:\/\/www.resortanticoverbano.com\/wp-content\/uploads\/sites\/66\/2023\/09\/Logo-Antico-Verbano-2023.png","contentUrl":"https:\/\/www.resortanticoverbano.com\/wp-content\/uploads\/sites\/66\/2023\/09\/Logo-Antico-Verbano-2023.png","width":500,"height":132,"caption":"Resort Antico Verbano"},"image":{"@id":"https:\/\/www.resortanticoverbano.com\/fr\/#\/schema\/logo\/image\/"},"sameAs":["https:\/\/www.instagram.com\/h.residence_anticoverbano\/"]}]}},"acf":[],"_links":{"self":[{"href":"https:\/\/www.resortanticoverbano.com\/fr\/wp-json\/wp\/v2\/pages\/1566","targetHints":{"allow":["GET"]}}],"collection":[{"href":"https:\/\/www.resortanticoverbano.com\/fr\/wp-json\/wp\/v2\/pages"}],"about":[{"href":"https:\/\/www.resortanticoverbano.com\/fr\/wp-json\/wp\/v2\/types\/page"}],"author":[{"embeddable":true,"href":"https:\/\/www.resortanticoverbano.com\/fr\/wp-json\/wp\/v2\/users\/12"}],"replies":[{"embeddable":true,"href":"https:\/\/www.resortanticoverbano.com\/fr\/wp-json\/wp\/v2\/comments?post=1566"}],"version-history":[{"count":0,"href":"https:\/\/www.resortanticoverbano.com\/fr\/wp-json\/wp\/v2\/pages\/1566\/revisions"}],"up":[{"embeddable":true,"href":"https:\/\/www.resortanticoverbano.com\/fr\/wp-json\/wp\/v2\/pages\/1408"}],"wp:attachment":[{"href":"https:\/\/www.resortanticoverbano.com\/fr\/wp-json\/wp\/v2\/media?parent=1566"}],"curies":[{"name":"wp","href":"https:\/\/api.w.org\/{rel}","templated":true}]}}