{"id":1590,"date":"2023-10-17T14:44:58","date_gmt":"2023-10-17T14:44:58","guid":{"rendered":"https:\/\/www.resortanticoverbano.com\/les-appartements\/appartamento-family-superior-2-camere-da-letto-vista-lago-panoramica\/"},"modified":"2024-11-22T10:35:04","modified_gmt":"2024-11-22T10:35:04","slug":"appartement-familial-superieur2-chambres-avec-vue-spectaculaire-sur-le-lac","status":"publish","type":"page","link":"https:\/\/www.resortanticoverbano.com\/fr\/les-appartements\/appartement-familial-superieur2-chambres-avec-vue-spectaculaire-sur-le-lac\/","title":{"rendered":"Appartement familial sup\u00e9rieur 2\u00a0chambres avec vue spectaculaire sur le lac"},"content":{"rendered":"<p>Appartement spacieux et lumineux d\u2019environ <strong>70\u00a0m\u00e8tres carr\u00e9s<\/strong> pour\u00a0<strong>4 \u00e0 6\u00a0personnes,<\/strong> situ\u00e9 aux \u00e9tages sup\u00e9rieurs et d\u00e9velopp\u00e9 \u00e0 l\u2019int\u00e9rieur sur deux niveaux, dot\u00e9 de balcon d\u2019o\u00f9 vous pourrez profiter d\u2019une vue unique sur le lac.<\/p>\n<p>Compos\u00e9 d\u2019une chambre double, d\u2019une deuxi\u00e8me chambre avec deux lits simples, d\u2019un salon avec canap\u00e9-lit double et de deux salles de bains.<\/p>\n<p>Tous les appartements, de par leur structure, leur mobilier et leur emplacement, diff\u00e8rent les uns des autres, rendant chacun d\u2019eux exclusif.<\/p>\n","protected":false},"excerpt":{"rendered":"<p>Appartement spacieux et lumineux d\u2019environ 70\u00a0m\u00e8tres carr\u00e9s pour\u00a04 \u00e0 6\u00a0personnes, situ\u00e9 aux \u00e9tages sup\u00e9rieurs et d\u00e9velopp\u00e9 \u00e0 l\u2019int\u00e9rieur sur deux niveaux, dot\u00e9 de balcon d\u2019o\u00f9 vous pourrez profiter d\u2019une vue unique sur le lac. Compos\u00e9 d\u2019une chambre double, d\u2019une deuxi\u00e8me chambre avec deux lits simples, d\u2019un salon avec canap\u00e9-lit double et de deux salles de [&hellip;]<\/p>\n","protected":false},"author":12,"featured_media":0,"parent":1408,"menu_order":25,"comment_status":"closed","ping_status":"closed","template":"template-single-room.php","meta":{"footnotes":""},"class_list":["post-1590","page","type-page","status-publish","hentry"],"yoast_head":"<!-- This site is optimized with the Yoast SEO plugin v27.3 - https:\/\/yoast.com\/product\/yoast-seo-wordpress\/ -->\n<title>Appartement familial sup\u00e9rieur 2\u00a0chambres avec vue spectaculaire sur le lac - Resort Antico Verbano<\/title>\n<meta name=\"description\" content=\"Appartement spacieux et lumineux d\u2019environ 70\u00a0m\u00e8tres carr\u00e9s pour\u00a04 \u00e0 6\u00a0personnes, situ\u00e9 aux \u00e9tages sup\u00e9rieurs et d\u00e9velopp\u00e9 \u00e0 l\u2019int\u00e9rieur sur deux niveaux, dot\u00e9 de balcon d\u2019o\u00f9 vous pourrez profiter d\u2019une vue unique sur le lac.  Compos\u00e9 d\u2019une chambre double, d\u2019une deuxi\u00e8me chambre avec deux lits simples, d\u2019un salon avec canap\u00e9-lit double et de deux salles de bains.  Tous les appartements, de par leur structure, leur mobilier et leur emplacement, diff\u00e8rent les uns des autres, rendant chacun d\u2019eux exclusif..\" \/>\n<meta name=\"robots\" content=\"index, follow, max-snippet:-1, max-image-preview:large, max-video-preview:-1\" \/>\n<link rel=\"canonical\" href=\"https:\/\/www.resortanticoverbano.com\/fr\/les-appartements\/appartement-familial-superieur2-chambres-avec-vue-spectaculaire-sur-le-lac\/\" \/>\n<meta property=\"og:locale\" content=\"fr_FR\" \/>\n<meta property=\"og:type\" content=\"article\" \/>\n<meta property=\"og:title\" content=\"Appartement familial sup\u00e9rieur 2\u00a0chambres avec vue spectaculaire sur le lac - Resort Antico Verbano\" \/>\n<meta property=\"og:description\" content=\"Appartement spacieux et lumineux d\u2019environ 70\u00a0m\u00e8tres carr\u00e9s pour\u00a04 \u00e0 6\u00a0personnes, situ\u00e9 aux \u00e9tages sup\u00e9rieurs et d\u00e9velopp\u00e9 \u00e0 l\u2019int\u00e9rieur sur deux niveaux, dot\u00e9 de balcon d\u2019o\u00f9 vous pourrez profiter d\u2019une vue unique sur le lac.  Compos\u00e9 d\u2019une chambre double, d\u2019une deuxi\u00e8me chambre avec deux lits simples, d\u2019un salon avec canap\u00e9-lit double et de deux salles de bains.  Tous les appartements, de par leur structure, leur mobilier et leur emplacement, diff\u00e8rent les uns des autres, rendant chacun d\u2019eux exclusif..\" \/>\n<meta property=\"og:url\" content=\"https:\/\/www.resortanticoverbano.com\/fr\/les-appartements\/appartement-familial-superieur2-chambres-avec-vue-spectaculaire-sur-le-lac\/\" \/>\n<meta property=\"og:site_name\" content=\"Resort Antico Verbano\" \/>\n<meta property=\"article:modified_time\" content=\"2024-11-22T10:35:04+00:00\" \/>\n<meta name=\"twitter:card\" content=\"summary_large_image\" \/>\n<meta name=\"twitter:label1\" content=\"Dur\u00e9e de lecture estim\u00e9e\" \/>\n\t<meta name=\"twitter:data1\" content=\"1 minute\" \/>\n<script type=\"application\/ld+json\" class=\"yoast-schema-graph\">{\"@context\":\"https:\\\/\\\/schema.org\",\"@graph\":[{\"@type\":\"WebPage\",\"@id\":\"https:\\\/\\\/www.resortanticoverbano.com\\\/fr\\\/les-appartements\\\/appartement-familial-superieur2-chambres-avec-vue-spectaculaire-sur-le-lac\\\/\",\"url\":\"https:\\\/\\\/www.resortanticoverbano.com\\\/fr\\\/les-appartements\\\/appartement-familial-superieur2-chambres-avec-vue-spectaculaire-sur-le-lac\\\/\",\"name\":\"Appartement familial sup\u00e9rieur 2\u00a0chambres avec vue spectaculaire sur le lac - Resort Antico Verbano\",\"isPartOf\":{\"@id\":\"https:\\\/\\\/www.resortanticoverbano.com\\\/fr\\\/#website\"},\"datePublished\":\"2023-10-17T14:44:58+00:00\",\"dateModified\":\"2024-11-22T10:35:04+00:00\",\"description\":\"Appartement spacieux et lumineux d\u2019environ 70\u00a0m\u00e8tres carr\u00e9s pour\u00a04 \u00e0 6\u00a0personnes, situ\u00e9 aux \u00e9tages sup\u00e9rieurs et d\u00e9velopp\u00e9 \u00e0 l\u2019int\u00e9rieur sur deux niveaux, dot\u00e9 de balcon d\u2019o\u00f9 vous pourrez profiter d\u2019une vue unique sur le lac. Compos\u00e9 d\u2019une chambre double, d\u2019une deuxi\u00e8me chambre avec deux lits simples, d\u2019un salon avec canap\u00e9-lit double et de deux salles de bains. Tous les appartements, de par leur structure, leur mobilier et leur emplacement, diff\u00e8rent les uns des autres, rendant chacun d\u2019eux exclusif..\",\"breadcrumb\":{\"@id\":\"https:\\\/\\\/www.resortanticoverbano.com\\\/fr\\\/les-appartements\\\/appartement-familial-superieur2-chambres-avec-vue-spectaculaire-sur-le-lac\\\/#breadcrumb\"},\"inLanguage\":\"fr-FR\",\"potentialAction\":[{\"@type\":\"ReadAction\",\"target\":[\"https:\\\/\\\/www.resortanticoverbano.com\\\/fr\\\/les-appartements\\\/appartement-familial-superieur2-chambres-avec-vue-spectaculaire-sur-le-lac\\\/\"]}]},{\"@type\":\"BreadcrumbList\",\"@id\":\"https:\\\/\\\/www.resortanticoverbano.com\\\/fr\\\/les-appartements\\\/appartement-familial-superieur2-chambres-avec-vue-spectaculaire-sur-le-lac\\\/#breadcrumb\",\"itemListElement\":[{\"@type\":\"ListItem\",\"position\":1,\"name\":\"Home\",\"item\":\"https:\\\/\\\/www.resortanticoverbano.com\\\/fr\\\/\"},{\"@type\":\"ListItem\",\"position\":2,\"name\":\"Les appartements\",\"item\":\"https:\\\/\\\/www.resortanticoverbano.com\\\/fr\\\/les-appartements\\\/\"},{\"@type\":\"ListItem\",\"position\":3,\"name\":\"Appartement familial sup\u00e9rieur 2\u00a0chambres avec vue spectaculaire sur le lac\"}]},{\"@type\":\"WebSite\",\"@id\":\"https:\\\/\\\/www.resortanticoverbano.com\\\/fr\\\/#website\",\"url\":\"https:\\\/\\\/www.resortanticoverbano.com\\\/fr\\\/\",\"name\":\"Resort Antico Verbano\",\"description\":\"\",\"publisher\":{\"@id\":\"https:\\\/\\\/www.resortanticoverbano.com\\\/fr\\\/#organization\"},\"potentialAction\":[{\"@type\":\"SearchAction\",\"target\":{\"@type\":\"EntryPoint\",\"urlTemplate\":\"https:\\\/\\\/www.resortanticoverbano.com\\\/fr\\\/?s={search_term_string}\"},\"query-input\":{\"@type\":\"PropertyValueSpecification\",\"valueRequired\":true,\"valueName\":\"search_term_string\"}}],\"inLanguage\":\"fr-FR\"},{\"@type\":\"Organization\",\"@id\":\"https:\\\/\\\/www.resortanticoverbano.com\\\/fr\\\/#organization\",\"name\":\"Resort Antico Verbano\",\"url\":\"https:\\\/\\\/www.resortanticoverbano.com\\\/fr\\\/\",\"logo\":{\"@type\":\"ImageObject\",\"inLanguage\":\"fr-FR\",\"@id\":\"https:\\\/\\\/www.resortanticoverbano.com\\\/fr\\\/#\\\/schema\\\/logo\\\/image\\\/\",\"url\":\"https:\\\/\\\/www.resortanticoverbano.com\\\/wp-content\\\/uploads\\\/sites\\\/66\\\/2023\\\/09\\\/Logo-Antico-Verbano-2023.png\",\"contentUrl\":\"https:\\\/\\\/www.resortanticoverbano.com\\\/wp-content\\\/uploads\\\/sites\\\/66\\\/2023\\\/09\\\/Logo-Antico-Verbano-2023.png\",\"width\":500,\"height\":132,\"caption\":\"Resort Antico Verbano\"},\"image\":{\"@id\":\"https:\\\/\\\/www.resortanticoverbano.com\\\/fr\\\/#\\\/schema\\\/logo\\\/image\\\/\"},\"sameAs\":[\"https:\\\/\\\/www.instagram.com\\\/h.residence_anticoverbano\\\/\"]}]}<\/script>\n<!-- \/ Yoast SEO plugin. -->","yoast_head_json":{"title":"Appartement familial sup\u00e9rieur 2\u00a0chambres avec vue spectaculaire sur le lac - Resort Antico Verbano","description":"Appartement spacieux et lumineux d\u2019environ 70\u00a0m\u00e8tres carr\u00e9s pour\u00a04 \u00e0 6\u00a0personnes, situ\u00e9 aux \u00e9tages sup\u00e9rieurs et d\u00e9velopp\u00e9 \u00e0 l\u2019int\u00e9rieur sur deux niveaux, dot\u00e9 de balcon d\u2019o\u00f9 vous pourrez profiter d\u2019une vue unique sur le lac.  Compos\u00e9 d\u2019une chambre double, d\u2019une deuxi\u00e8me chambre avec deux lits simples, d\u2019un salon avec canap\u00e9-lit double et de deux salles de bains.  Tous les appartements, de par leur structure, leur mobilier et leur emplacement, diff\u00e8rent les uns des autres, rendant chacun d\u2019eux exclusif..","robots":{"index":"index","follow":"follow","max-snippet":"max-snippet:-1","max-image-preview":"max-image-preview:large","max-video-preview":"max-video-preview:-1"},"canonical":"https:\/\/www.resortanticoverbano.com\/fr\/les-appartements\/appartement-familial-superieur2-chambres-avec-vue-spectaculaire-sur-le-lac\/","og_locale":"fr_FR","og_type":"article","og_title":"Appartement familial sup\u00e9rieur 2\u00a0chambres avec vue spectaculaire sur le lac - Resort Antico Verbano","og_description":"Appartement spacieux et lumineux d\u2019environ 70\u00a0m\u00e8tres carr\u00e9s pour\u00a04 \u00e0 6\u00a0personnes, situ\u00e9 aux \u00e9tages sup\u00e9rieurs et d\u00e9velopp\u00e9 \u00e0 l\u2019int\u00e9rieur sur deux niveaux, dot\u00e9 de balcon d\u2019o\u00f9 vous pourrez profiter d\u2019une vue unique sur le lac.  Compos\u00e9 d\u2019une chambre double, d\u2019une deuxi\u00e8me chambre avec deux lits simples, d\u2019un salon avec canap\u00e9-lit double et de deux salles de bains.  Tous les appartements, de par leur structure, leur mobilier et leur emplacement, diff\u00e8rent les uns des autres, rendant chacun d\u2019eux exclusif..","og_url":"https:\/\/www.resortanticoverbano.com\/fr\/les-appartements\/appartement-familial-superieur2-chambres-avec-vue-spectaculaire-sur-le-lac\/","og_site_name":"Resort Antico Verbano","article_modified_time":"2024-11-22T10:35:04+00:00","twitter_card":"summary_large_image","twitter_misc":{"Dur\u00e9e de lecture estim\u00e9e":"1 minute"},"schema":{"@context":"https:\/\/schema.org","@graph":[{"@type":"WebPage","@id":"https:\/\/www.resortanticoverbano.com\/fr\/les-appartements\/appartement-familial-superieur2-chambres-avec-vue-spectaculaire-sur-le-lac\/","url":"https:\/\/www.resortanticoverbano.com\/fr\/les-appartements\/appartement-familial-superieur2-chambres-avec-vue-spectaculaire-sur-le-lac\/","name":"Appartement familial sup\u00e9rieur 2\u00a0chambres avec vue spectaculaire sur le lac - Resort Antico Verbano","isPartOf":{"@id":"https:\/\/www.resortanticoverbano.com\/fr\/#website"},"datePublished":"2023-10-17T14:44:58+00:00","dateModified":"2024-11-22T10:35:04+00:00","description":"Appartement spacieux et lumineux d\u2019environ 70\u00a0m\u00e8tres carr\u00e9s pour\u00a04 \u00e0 6\u00a0personnes, situ\u00e9 aux \u00e9tages sup\u00e9rieurs et d\u00e9velopp\u00e9 \u00e0 l\u2019int\u00e9rieur sur deux niveaux, dot\u00e9 de balcon d\u2019o\u00f9 vous pourrez profiter d\u2019une vue unique sur le lac. Compos\u00e9 d\u2019une chambre double, d\u2019une deuxi\u00e8me chambre avec deux lits simples, d\u2019un salon avec canap\u00e9-lit double et de deux salles de bains. Tous les appartements, de par leur structure, leur mobilier et leur emplacement, diff\u00e8rent les uns des autres, rendant chacun d\u2019eux exclusif..","breadcrumb":{"@id":"https:\/\/www.resortanticoverbano.com\/fr\/les-appartements\/appartement-familial-superieur2-chambres-avec-vue-spectaculaire-sur-le-lac\/#breadcrumb"},"inLanguage":"fr-FR","potentialAction":[{"@type":"ReadAction","target":["https:\/\/www.resortanticoverbano.com\/fr\/les-appartements\/appartement-familial-superieur2-chambres-avec-vue-spectaculaire-sur-le-lac\/"]}]},{"@type":"BreadcrumbList","@id":"https:\/\/www.resortanticoverbano.com\/fr\/les-appartements\/appartement-familial-superieur2-chambres-avec-vue-spectaculaire-sur-le-lac\/#breadcrumb","itemListElement":[{"@type":"ListItem","position":1,"name":"Home","item":"https:\/\/www.resortanticoverbano.com\/fr\/"},{"@type":"ListItem","position":2,"name":"Les appartements","item":"https:\/\/www.resortanticoverbano.com\/fr\/les-appartements\/"},{"@type":"ListItem","position":3,"name":"Appartement familial sup\u00e9rieur 2\u00a0chambres avec vue spectaculaire sur le lac"}]},{"@type":"WebSite","@id":"https:\/\/www.resortanticoverbano.com\/fr\/#website","url":"https:\/\/www.resortanticoverbano.com\/fr\/","name":"Resort Antico Verbano","description":"","publisher":{"@id":"https:\/\/www.resortanticoverbano.com\/fr\/#organization"},"potentialAction":[{"@type":"SearchAction","target":{"@type":"EntryPoint","urlTemplate":"https:\/\/www.resortanticoverbano.com\/fr\/?s={search_term_string}"},"query-input":{"@type":"PropertyValueSpecification","valueRequired":true,"valueName":"search_term_string"}}],"inLanguage":"fr-FR"},{"@type":"Organization","@id":"https:\/\/www.resortanticoverbano.com\/fr\/#organization","name":"Resort Antico Verbano","url":"https:\/\/www.resortanticoverbano.com\/fr\/","logo":{"@type":"ImageObject","inLanguage":"fr-FR","@id":"https:\/\/www.resortanticoverbano.com\/fr\/#\/schema\/logo\/image\/","url":"https:\/\/www.resortanticoverbano.com\/wp-content\/uploads\/sites\/66\/2023\/09\/Logo-Antico-Verbano-2023.png","contentUrl":"https:\/\/www.resortanticoverbano.com\/wp-content\/uploads\/sites\/66\/2023\/09\/Logo-Antico-Verbano-2023.png","width":500,"height":132,"caption":"Resort Antico Verbano"},"image":{"@id":"https:\/\/www.resortanticoverbano.com\/fr\/#\/schema\/logo\/image\/"},"sameAs":["https:\/\/www.instagram.com\/h.residence_anticoverbano\/"]}]}},"acf":[],"_links":{"self":[{"href":"https:\/\/www.resortanticoverbano.com\/fr\/wp-json\/wp\/v2\/pages\/1590","targetHints":{"allow":["GET"]}}],"collection":[{"href":"https:\/\/www.resortanticoverbano.com\/fr\/wp-json\/wp\/v2\/pages"}],"about":[{"href":"https:\/\/www.resortanticoverbano.com\/fr\/wp-json\/wp\/v2\/types\/page"}],"author":[{"embeddable":true,"href":"https:\/\/www.resortanticoverbano.com\/fr\/wp-json\/wp\/v2\/users\/12"}],"replies":[{"embeddable":true,"href":"https:\/\/www.resortanticoverbano.com\/fr\/wp-json\/wp\/v2\/comments?post=1590"}],"version-history":[{"count":0,"href":"https:\/\/www.resortanticoverbano.com\/fr\/wp-json\/wp\/v2\/pages\/1590\/revisions"}],"up":[{"embeddable":true,"href":"https:\/\/www.resortanticoverbano.com\/fr\/wp-json\/wp\/v2\/pages\/1408"}],"wp:attachment":[{"href":"https:\/\/www.resortanticoverbano.com\/fr\/wp-json\/wp\/v2\/media?parent=1590"}],"curies":[{"name":"wp","href":"https:\/\/api.w.org\/{rel}","templated":true}]}}